{"id":936,"date":"2024-07-24T16:15:39","date_gmt":"2024-07-24T21:15:39","guid":{"rendered":"https:\/\/alcesuvoz.wichita.edu\/?page_id=936"},"modified":"2025-10-23T13:03:08","modified_gmt":"2025-10-23T18:03:08","slug":"blog","status":"publish","type":"page","link":"https:\/\/alcesuvoz.wichita.edu\/es\/blog\/","title":{"rendered":"Blog"},"content":{"rendered":"<div class=\"gb-grid-wrapper gb-grid-wrapper-2c17f409 gb-query-loop-wrapper\">\n<div class=\"gb-grid-column gb-grid-column-44cecbb2 gb-query-loop-item post-2636 post type-post status-publish format-standard has-post-thumbnail hentry category-blogs\"><div class=\"gb-container gb-container-44cecbb2\">\n<figure class=\"gb-block-image gb-block-image-c435594a\"><a href=\"https:\/\/alcesuvoz.wichita.edu\/es\/2025\/09\/24\/students-grow-as-leaders-and-changemakers-at-alce-su-voz\/\"><img loading=\"lazy\" decoding=\"async\" width=\"2400\" height=\"1600\" src=\"https:\/\/alcesuvoz.wichita.edu\/wp-content\/uploads\/2025\/10\/Speak_Out_Fairmount_CF-2-1.jpg\" class=\"gb-image-c435594a\" alt=\"\" srcset=\"https:\/\/alcesuvoz.wichita.edu\/wp-content\/uploads\/2025\/10\/Speak_Out_Fairmount_CF-2-1.jpg 2400w, https:\/\/alcesuvoz.wichita.edu\/wp-content\/uploads\/2025\/10\/Speak_Out_Fairmount_CF-2-1-300x200.jpg 300w, https:\/\/alcesuvoz.wichita.edu\/wp-content\/uploads\/2025\/10\/Speak_Out_Fairmount_CF-2-1-1024x683.jpg 1024w, https:\/\/alcesuvoz.wichita.edu\/wp-content\/uploads\/2025\/10\/Speak_Out_Fairmount_CF-2-1-768x512.jpg 768w, https:\/\/alcesuvoz.wichita.edu\/wp-content\/uploads\/2025\/10\/Speak_Out_Fairmount_CF-2-1-1536x1024.jpg 1536w, https:\/\/alcesuvoz.wichita.edu\/wp-content\/uploads\/2025\/10\/Speak_Out_Fairmount_CF-2-1-2048x1365.jpg 2048w, https:\/\/alcesuvoz.wichita.edu\/wp-content\/uploads\/2025\/10\/Speak_Out_Fairmount_CF-2-1-18x12.jpg 18w\" sizes=\"auto, (max-width: 2400px) 100vw, 2400px\" \/><\/a><\/figure>\n\n<h2 class=\"gb-headline gb-headline-26d148b1 profile-title gb-headline-text\"><a href=\"https:\/\/alcesuvoz.wichita.edu\/es\/2025\/09\/24\/students-grow-as-leaders-and-changemakers-at-alce-su-voz\/\">Los estudiantes crecen como l\u00edderes y agentes de cambio en Alce su Voz<\/a><\/h2>\n\n<p class=\"gb-headline gb-headline-b0a9a702 gb-headline-text\"><time class=\"entry-date published\" datetime=\"2025-09-24T14:54:42-05:00\">24 septiembre, 2025<\/time><\/p>\n\n<div class=\"gb-headline gb-headline-62e6217c gb-headline-text\">By Rachel Showstack Many of our readers may have seen the news that Wichita State\u2019s president Rick Muma just published his new book Student Centered, &#8230; <a title=\"Los estudiantes crecen como l\u00edderes y agentes de cambio en Alce su Voz\" class=\"read-more\" href=\"https:\/\/alcesuvoz.wichita.edu\/es\/2025\/09\/24\/students-grow-as-leaders-and-changemakers-at-alce-su-voz\/\" aria-label=\"Leer m\u00e1s sobre Students Grow as Leaders and Changemakers at Alce su Voz\">Read more<\/a><\/div>\n<\/div><\/div>\n\n<div class=\"gb-grid-column gb-grid-column-44cecbb2 gb-query-loop-item post-2489 post type-post status-publish format-standard has-post-thumbnail hentry category-blogs\"><div class=\"gb-container gb-container-44cecbb2\">\n<figure class=\"gb-block-image gb-block-image-c435594a\"><a href=\"https:\/\/alcesuvoz.wichita.edu\/es\/2025\/07\/20\/alce-su-vozs-impacts-ripple-through-communities-and-institutions\/\"><img loading=\"lazy\" decoding=\"async\" width=\"1000\" height=\"600\" src=\"https:\/\/alcesuvoz.wichita.edu\/wp-content\/uploads\/2025\/07\/ripple-fx_es.png\" class=\"gb-image-c435594a\" alt=\"\" srcset=\"https:\/\/alcesuvoz.wichita.edu\/wp-content\/uploads\/2025\/07\/ripple-fx_es.png 1000w, https:\/\/alcesuvoz.wichita.edu\/wp-content\/uploads\/2025\/07\/ripple-fx_es-300x180.png 300w, https:\/\/alcesuvoz.wichita.edu\/wp-content\/uploads\/2025\/07\/ripple-fx_es-768x461.png 768w, https:\/\/alcesuvoz.wichita.edu\/wp-content\/uploads\/2025\/07\/ripple-fx_es-18x12.png 18w\" sizes=\"auto, (max-width: 1000px) 100vw, 1000px\" \/><\/a><\/figure>\n\n<h2 class=\"gb-headline gb-headline-26d148b1 profile-title gb-headline-text\"><a href=\"https:\/\/alcesuvoz.wichita.edu\/es\/2025\/07\/20\/alce-su-vozs-impacts-ripple-through-communities-and-institutions\/\">Los impactos de Alce su Voz se propagan a trav\u00e9s de comunidades e instituciones<\/a><\/h2>\n\n<p class=\"gb-headline gb-headline-b0a9a702 gb-headline-text\"><time class=\"entry-date published\" datetime=\"2025-07-20T18:08:15-05:00\">20 julio, 2025<\/time><\/p>\n\n<div class=\"gb-headline gb-headline-62e6217c gb-headline-text\">By Rachel Showstack, Marycarmen Cervantes, and Rommy Vargas-Bezubbikoff Alce su Voz\u2019s mission, vision, and programs have all emerged over the past five years from community &#8230; <a title=\"Los impactos de Alce su Voz se propagan a trav\u00e9s de comunidades e instituciones\" class=\"read-more\" href=\"https:\/\/alcesuvoz.wichita.edu\/es\/2025\/07\/20\/alce-su-vozs-impacts-ripple-through-communities-and-institutions\/\" aria-label=\"Leer m\u00e1s sobre Alce su Voz\u2019s Impacts Ripple Through Communities and Institutions\">Read more<\/a><\/div>\n<\/div><\/div>\n\n<div class=\"gb-grid-column gb-grid-column-44cecbb2 gb-query-loop-item post-2342 post type-post status-publish format-standard has-post-thumbnail hentry category-blogs\"><div class=\"gb-container gb-container-44cecbb2\">\n<figure class=\"gb-block-image gb-block-image-c435594a\"><a href=\"https:\/\/alcesuvoz.wichita.edu\/es\/2025\/06\/18\/health-literacy-and-the-menopause-transition-in-multilingual-communities-the-start-of-an-important-conversation-for-womens-health\/\"><img loading=\"lazy\" decoding=\"async\" width=\"1198\" height=\"720\" src=\"https:\/\/alcesuvoz.wichita.edu\/wp-content\/uploads\/2025\/06\/Blog-Graphics-e1750283569386.png\" class=\"gb-image-c435594a\" alt=\"\" srcset=\"https:\/\/alcesuvoz.wichita.edu\/wp-content\/uploads\/2025\/06\/Blog-Graphics-e1750283569386.png 1198w, https:\/\/alcesuvoz.wichita.edu\/wp-content\/uploads\/2025\/06\/Blog-Graphics-e1750283569386-300x180.png 300w, https:\/\/alcesuvoz.wichita.edu\/wp-content\/uploads\/2025\/06\/Blog-Graphics-e1750283569386-1024x615.png 1024w, https:\/\/alcesuvoz.wichita.edu\/wp-content\/uploads\/2025\/06\/Blog-Graphics-e1750283569386-768x462.png 768w, https:\/\/alcesuvoz.wichita.edu\/wp-content\/uploads\/2025\/06\/Blog-Graphics-e1750283569386-18x12.png 18w\" sizes=\"auto, (max-width: 1198px) 100vw, 1198px\" \/><\/a><\/figure>\n\n<h2 class=\"gb-headline gb-headline-26d148b1 profile-title gb-headline-text\"><a href=\"https:\/\/alcesuvoz.wichita.edu\/es\/2025\/06\/18\/health-literacy-and-the-menopause-transition-in-multilingual-communities-the-start-of-an-important-conversation-for-womens-health\/\">Educaci\u00f3n sobre salud y la transici\u00f3n a la menopausia en comunidades multiling\u00fces: el inicio de una conversaci\u00f3n importante para la salud de la mujer<\/a><\/h2>\n\n<p class=\"gb-headline gb-headline-b0a9a702 gb-headline-text\"><time class=\"entry-date published\" datetime=\"2025-06-18T16:15:28-05:00\">18 junio, 2025<\/time><\/p>\n\n<div class=\"gb-headline gb-headline-62e6217c gb-headline-text\">By Rachel Showstack Earlier this year, a few weeks after my 47th birthday, somebody who I love very much woke me up in the middle &#8230; <a title=\"Educaci\u00f3n sobre salud y la transici\u00f3n a la menopausia en comunidades multiling\u00fces: el inicio de una conversaci\u00f3n importante para la salud de la mujer\" class=\"read-more\" href=\"https:\/\/alcesuvoz.wichita.edu\/es\/2025\/06\/18\/health-literacy-and-the-menopause-transition-in-multilingual-communities-the-start-of-an-important-conversation-for-womens-health\/\" aria-label=\"Leer m\u00e1s sobre Health Literacy and the Menopause Transition in Multilingual Communities: The Start of an Important Conversation for Women\u2019s Health\">Read more<\/a><\/div>\n<\/div><\/div>\n\n<div class=\"gb-grid-column gb-grid-column-44cecbb2 gb-query-loop-item post-2259 post type-post status-publish format-standard has-post-thumbnail hentry category-blogs\"><div class=\"gb-container gb-container-44cecbb2\">\n<figure class=\"gb-block-image gb-block-image-c435594a\"><a href=\"https:\/\/alcesuvoz.wichita.edu\/es\/2025\/05\/14\/alce-su-voz-loses-two-federal-grants\/\"><img loading=\"lazy\" decoding=\"async\" width=\"1168\" height=\"701\" src=\"https:\/\/alcesuvoz.wichita.edu\/wp-content\/uploads\/2025\/05\/asv-blog-stop-workorders.jpg\" class=\"gb-image-c435594a\" alt=\"\" srcset=\"https:\/\/alcesuvoz.wichita.edu\/wp-content\/uploads\/2025\/05\/asv-blog-stop-workorders.jpg 1168w, https:\/\/alcesuvoz.wichita.edu\/wp-content\/uploads\/2025\/05\/asv-blog-stop-workorders-300x180.jpg 300w, https:\/\/alcesuvoz.wichita.edu\/wp-content\/uploads\/2025\/05\/asv-blog-stop-workorders-1024x615.jpg 1024w, https:\/\/alcesuvoz.wichita.edu\/wp-content\/uploads\/2025\/05\/asv-blog-stop-workorders-768x461.jpg 768w, https:\/\/alcesuvoz.wichita.edu\/wp-content\/uploads\/2025\/05\/asv-blog-stop-workorders-18x12.jpg 18w\" sizes=\"auto, (max-width: 1168px) 100vw, 1168px\" \/><\/a><\/figure>\n\n<h2 class=\"gb-headline gb-headline-26d148b1 profile-title gb-headline-text\"><a href=\"https:\/\/alcesuvoz.wichita.edu\/es\/2025\/05\/14\/alce-su-voz-loses-two-federal-grants\/\">Alce su Voz pierde dos subvenciones federales<\/a><\/h2>\n\n<p class=\"gb-headline gb-headline-b0a9a702 gb-headline-text\"><time class=\"entry-date published\" datetime=\"2025-05-14T11:15:51-05:00\">14 mayo, 2025<\/time><\/p>\n\n<div class=\"gb-headline gb-headline-62e6217c gb-headline-text\">Por Rachel Showstack y Savannah Paschal\nAl igual que muchos programas de EE. UU. que dependen de fondos federales... <a title=\"Alce su Voz pierde dos subvenciones federales\" class=\"read-more\" href=\"https:\/\/alcesuvoz.wichita.edu\/es\/2025\/05\/14\/alce-su-voz-loses-two-federal-grants\/\" aria-label=\"Leer m\u00e1s sobre Alce su Voz Loses Two Federal Grants\">Read more<\/a><\/div>\n<\/div><\/div>\n\n<div class=\"gb-grid-column gb-grid-column-44cecbb2 gb-query-loop-item post-2107 post type-post status-publish format-standard has-post-thumbnail hentry category-blogs\"><div class=\"gb-container gb-container-44cecbb2\">\n<figure class=\"gb-block-image gb-block-image-c435594a\"><a href=\"https:\/\/alcesuvoz.wichita.edu\/es\/2025\/04\/16\/alce-su-voz-offers-recommendations-for-improved-healthcare-language-services-in-kansas\/\"><img loading=\"lazy\" decoding=\"async\" width=\"900\" height=\"600\" src=\"https:\/\/alcesuvoz.wichita.edu\/wp-content\/uploads\/2025\/04\/Alce-Su-Voz-52.jpg\" class=\"gb-image-c435594a\" alt=\"\" srcset=\"https:\/\/alcesuvoz.wichita.edu\/wp-content\/uploads\/2025\/04\/Alce-Su-Voz-52.jpg 900w, https:\/\/alcesuvoz.wichita.edu\/wp-content\/uploads\/2025\/04\/Alce-Su-Voz-52-300x200.jpg 300w, https:\/\/alcesuvoz.wichita.edu\/wp-content\/uploads\/2025\/04\/Alce-Su-Voz-52-768x512.jpg 768w, https:\/\/alcesuvoz.wichita.edu\/wp-content\/uploads\/2025\/04\/Alce-Su-Voz-52-18x12.jpg 18w\" sizes=\"auto, (max-width: 900px) 100vw, 900px\" \/><\/a><\/figure>\n\n<h2 class=\"gb-headline gb-headline-26d148b1 profile-title gb-headline-text\"><a href=\"https:\/\/alcesuvoz.wichita.edu\/es\/2025\/04\/16\/alce-su-voz-offers-recommendations-for-improved-healthcare-language-services-in-kansas\/\">Alce su Voz ofrece recomendaciones para mejorar los servicios ling\u00fc\u00edsticos en la atenci\u00f3n m\u00e9dica en Kansas<\/a><\/h2>\n\n<p class=\"gb-headline gb-headline-b0a9a702 gb-headline-text\"><time class=\"entry-date published\" datetime=\"2025-04-16T11:00:18-05:00\">16 abril, 2025<\/time><\/p>\n\n<div class=\"gb-headline gb-headline-62e6217c gb-headline-text\">By Rachel Showstack Imagine that you recently moved to a country where almost everyone else speaks a language that you do not know well. You &#8230; <a title=\"Alce su Voz ofrece recomendaciones para mejorar los servicios ling\u00fc\u00edsticos en la atenci\u00f3n m\u00e9dica en Kansas\" class=\"read-more\" href=\"https:\/\/alcesuvoz.wichita.edu\/es\/2025\/04\/16\/alce-su-voz-offers-recommendations-for-improved-healthcare-language-services-in-kansas\/\" aria-label=\"Leer m\u00e1s sobre Alce su Voz Offers Recommendations for Improved Healthcare Language Services in Kansas\">Read more<\/a><\/div>\n<\/div><\/div>\n\n<div class=\"gb-grid-column gb-grid-column-44cecbb2 gb-query-loop-item post-1486 post type-post status-publish format-standard has-post-thumbnail hentry category-blogs\"><div class=\"gb-container gb-container-44cecbb2\">\n<figure class=\"gb-block-image gb-block-image-c435594a\"><a href=\"https:\/\/alcesuvoz.wichita.edu\/es\/2024\/12\/01\/three-things-a-healthcare-administrator-should-know-about-language-access\/\"><img loading=\"lazy\" decoding=\"async\" width=\"1600\" height=\"900\" src=\"https:\/\/alcesuvoz.wichita.edu\/wp-content\/uploads\/2024\/12\/Graphic-Post.png\" class=\"gb-image-c435594a\" alt=\"\" srcset=\"https:\/\/alcesuvoz.wichita.edu\/wp-content\/uploads\/2024\/12\/Graphic-Post.png 1600w, https:\/\/alcesuvoz.wichita.edu\/wp-content\/uploads\/2024\/12\/Graphic-Post-300x169.png 300w, https:\/\/alcesuvoz.wichita.edu\/wp-content\/uploads\/2024\/12\/Graphic-Post-1024x576.png 1024w, https:\/\/alcesuvoz.wichita.edu\/wp-content\/uploads\/2024\/12\/Graphic-Post-768x432.png 768w, https:\/\/alcesuvoz.wichita.edu\/wp-content\/uploads\/2024\/12\/Graphic-Post-1536x864.png 1536w, https:\/\/alcesuvoz.wichita.edu\/wp-content\/uploads\/2024\/12\/Graphic-Post-18x10.png 18w\" sizes=\"auto, (max-width: 1600px) 100vw, 1600px\" \/><\/a><\/figure>\n\n<h2 class=\"gb-headline gb-headline-26d148b1 profile-title gb-headline-text\"><a href=\"https:\/\/alcesuvoz.wichita.edu\/es\/2024\/12\/01\/three-things-a-healthcare-administrator-should-know-about-language-access\/\">Tres cosas que un administrador de servicios m\u00e9dicos debe saber sobre el acceso ling\u00fc\u00edstico\u00a0<\/a><\/h2>\n\n<p class=\"gb-headline gb-headline-b0a9a702 gb-headline-text\"><time class=\"entry-date published\" datetime=\"2024-12-01T00:00:48-06:00\">1 diciembre, 2024<\/time><\/p>\n\n<div class=\"gb-headline gb-headline-62e6217c gb-headline-text\">By Rachel Showstack, Paul Spacek &amp; Sarah Hoy&nbsp; Healthcare administrators often find themselves between a rock and a hard place when it comes to providing &#8230; <a title=\"Tres cosas que un administrador de servicios m\u00e9dicos debe saber sobre el acceso ling\u00fc\u00edstico\u00a0\" class=\"read-more\" href=\"https:\/\/alcesuvoz.wichita.edu\/es\/2024\/12\/01\/three-things-a-healthcare-administrator-should-know-about-language-access\/\" aria-label=\"Leer m\u00e1s sobre Three Things a Healthcare Administrator Should Know About Language Access\u00a0\">Read more<\/a><\/div>\n<\/div><\/div>\n\n<div class=\"gb-grid-column gb-grid-column-44cecbb2 gb-query-loop-item post-1139 post type-post status-publish format-standard has-post-thumbnail hentry category-blogs\"><div class=\"gb-container gb-container-44cecbb2\">\n<figure class=\"gb-block-image gb-block-image-c435594a\"><a href=\"https:\/\/alcesuvoz.wichita.edu\/es\/2024\/09\/07\/alce-su-voz-from-2020-to-today\/\"><img loading=\"lazy\" decoding=\"async\" width=\"900\" height=\"599\" src=\"https:\/\/alcesuvoz.wichita.edu\/wp-content\/uploads\/2024\/09\/ARD_3927.jpg\" class=\"gb-image-c435594a\" alt=\"\" srcset=\"https:\/\/alcesuvoz.wichita.edu\/wp-content\/uploads\/2024\/09\/ARD_3927.jpg 900w, https:\/\/alcesuvoz.wichita.edu\/wp-content\/uploads\/2024\/09\/ARD_3927-300x200.jpg 300w, https:\/\/alcesuvoz.wichita.edu\/wp-content\/uploads\/2024\/09\/ARD_3927-768x511.jpg 768w, https:\/\/alcesuvoz.wichita.edu\/wp-content\/uploads\/2024\/09\/ARD_3927-18x12.jpg 18w\" sizes=\"auto, (max-width: 900px) 100vw, 900px\" \/><\/a><\/figure>\n\n<h2 class=\"gb-headline gb-headline-26d148b1 profile-title gb-headline-text\"><a href=\"https:\/\/alcesuvoz.wichita.edu\/es\/2024\/09\/07\/alce-su-voz-from-2020-to-today\/\">Alce su Voz del 2020 hasta hoy<\/a><\/h2>\n\n<p class=\"gb-headline gb-headline-b0a9a702 gb-headline-text\"><time class=\"entry-date published\" datetime=\"2024-09-07T17:29:14-05:00\">7 septiembre, 2024<\/time><\/p>\n\n<div class=\"gb-headline gb-headline-62e6217c gb-headline-text\">By Rachel Showstack Four years ago, the grant-funded activities for a Latine community health project I was leading in Wichita were coming to an end, &#8230; <a title=\"Alce su Voz del 2020 hasta hoy\" class=\"read-more\" href=\"https:\/\/alcesuvoz.wichita.edu\/es\/2024\/09\/07\/alce-su-voz-from-2020-to-today\/\" aria-label=\"Leer m\u00e1s sobre Alce su Voz from 2020 to Today\">Read more<\/a><\/div>\n<\/div><\/div>\n\n<div class=\"gb-grid-column gb-grid-column-44cecbb2 gb-query-loop-item post-1147 post type-post status-publish format-standard has-post-thumbnail hentry category-blogs\"><div class=\"gb-container gb-container-44cecbb2\">\n<figure class=\"gb-block-image gb-block-image-c435594a\"><a href=\"https:\/\/alcesuvoz.wichita.edu\/es\/2024\/06\/10\/four-things-a-bilingual-clinician-should-know\/\"><img loading=\"lazy\" decoding=\"async\" width=\"1799\" height=\"1200\" src=\"https:\/\/alcesuvoz.wichita.edu\/wp-content\/uploads\/2024\/06\/Cuatro-cosas-que-el-personal-clinico-bilingue-debe-saber.jpg\" class=\"gb-image-c435594a\" alt=\"A patient describes her symptoms at the Jay Doc Community Clinic in Wichita. Courtesy of Jay Doc.\" srcset=\"https:\/\/alcesuvoz.wichita.edu\/wp-content\/uploads\/2024\/06\/Cuatro-cosas-que-el-personal-clinico-bilingue-debe-saber.jpg 1799w, https:\/\/alcesuvoz.wichita.edu\/wp-content\/uploads\/2024\/06\/Cuatro-cosas-que-el-personal-clinico-bilingue-debe-saber-300x200.jpg 300w, https:\/\/alcesuvoz.wichita.edu\/wp-content\/uploads\/2024\/06\/Cuatro-cosas-que-el-personal-clinico-bilingue-debe-saber-1024x683.jpg 1024w, https:\/\/alcesuvoz.wichita.edu\/wp-content\/uploads\/2024\/06\/Cuatro-cosas-que-el-personal-clinico-bilingue-debe-saber-768x512.jpg 768w, https:\/\/alcesuvoz.wichita.edu\/wp-content\/uploads\/2024\/06\/Cuatro-cosas-que-el-personal-clinico-bilingue-debe-saber-1536x1025.jpg 1536w, https:\/\/alcesuvoz.wichita.edu\/wp-content\/uploads\/2024\/06\/Cuatro-cosas-que-el-personal-clinico-bilingue-debe-saber-18x12.jpg 18w\" sizes=\"auto, (max-width: 1799px) 100vw, 1799px\" \/><\/a><\/figure>\n\n<h2 class=\"gb-headline gb-headline-26d148b1 profile-title gb-headline-text\"><a href=\"https:\/\/alcesuvoz.wichita.edu\/es\/2024\/06\/10\/four-things-a-bilingual-clinician-should-know\/\">Cuatro cosas que el personal cl\u00ednico biling\u00fce debe saber<\/a><\/h2>\n\n<p class=\"gb-headline gb-headline-b0a9a702 gb-headline-text\"><time class=\"entry-date published\" datetime=\"2024-06-10T08:00:00-05:00\">10 junio, 2024<\/time><\/p>\n\n<div class=\"gb-headline gb-headline-62e6217c gb-headline-text\">Por Pilar Ortega y Rachel Showstack\nUsted es una enfermera que trabaja en un hospital en los EE. UU. y habla ingl\u00e9s y espa\u00f1ol porque creci\u00f3 ... <a title=\"Cuatro cosas que el personal cl\u00ednico biling\u00fce debe saber\" class=\"read-more\" href=\"https:\/\/alcesuvoz.wichita.edu\/es\/2024\/06\/10\/four-things-a-bilingual-clinician-should-know\/\" aria-label=\"Leer m\u00e1s sobre Four Things a Bilingual Clinician Should Know\">Read more<\/a><\/div>\n<\/div><\/div>\n\n<div class=\"gb-grid-column gb-grid-column-44cecbb2 gb-query-loop-item post-252 post type-post status-publish format-standard has-post-thumbnail hentry category-blogs\"><div class=\"gb-container gb-container-44cecbb2\">\n<figure class=\"gb-block-image gb-block-image-c435594a\"><a href=\"https:\/\/alcesuvoz.wichita.edu\/es\/2024\/03\/08\/three-things-you-need-to-know-when-you-go-to-the-doctor\/\"><img loading=\"lazy\" decoding=\"async\" width=\"1539\" height=\"1027\" src=\"https:\/\/alcesuvoz.wichita.edu\/wp-content\/uploads\/2024\/04\/1dafc9_c0055504cd0245a1935fd133a848ec98mv2.jpg\" class=\"gb-image-c435594a\" alt=\"\" srcset=\"https:\/\/alcesuvoz.wichita.edu\/wp-content\/uploads\/2024\/04\/1dafc9_c0055504cd0245a1935fd133a848ec98mv2.jpg 1539w, https:\/\/alcesuvoz.wichita.edu\/wp-content\/uploads\/2024\/04\/1dafc9_c0055504cd0245a1935fd133a848ec98mv2-300x200.jpg 300w, https:\/\/alcesuvoz.wichita.edu\/wp-content\/uploads\/2024\/04\/1dafc9_c0055504cd0245a1935fd133a848ec98mv2-1024x683.jpg 1024w, https:\/\/alcesuvoz.wichita.edu\/wp-content\/uploads\/2024\/04\/1dafc9_c0055504cd0245a1935fd133a848ec98mv2-768x512.jpg 768w, https:\/\/alcesuvoz.wichita.edu\/wp-content\/uploads\/2024\/04\/1dafc9_c0055504cd0245a1935fd133a848ec98mv2-1536x1025.jpg 1536w, https:\/\/alcesuvoz.wichita.edu\/wp-content\/uploads\/2024\/04\/1dafc9_c0055504cd0245a1935fd133a848ec98mv2-18x12.jpg 18w\" sizes=\"auto, (max-width: 1539px) 100vw, 1539px\" \/><\/a><\/figure>\n\n<h2 class=\"gb-headline gb-headline-26d148b1 profile-title gb-headline-text\"><a href=\"https:\/\/alcesuvoz.wichita.edu\/es\/2024\/03\/08\/three-things-you-need-to-know-when-you-go-to-the-doctor\/\">Tres cosas que Ud. necesita saber cuando va al m\u00e9dico<\/a><\/h2>\n\n<p class=\"gb-headline gb-headline-b0a9a702 gb-headline-text\"><time class=\"entry-date published\" datetime=\"2024-03-08T18:18:08-06:00\">8 marzo, 2024<\/time><\/p>\n\n<div class=\"gb-headline gb-headline-62e6217c gb-headline-text\">Por Francisco (\u2018Paco\u2019) Mart\u00ednez y Rachel Showstack\n\nSi Ud. es un paciente que necesita recibir atenci\u00f3n en su propio idioma cuando va al m\u00e9dico ...<\/div>\n<\/div><\/div>\n\n<div class=\"gb-grid-column gb-grid-column-44cecbb2 gb-query-loop-item post-255 post type-post status-publish format-standard has-post-thumbnail hentry category-blogs\"><div class=\"gb-container gb-container-44cecbb2\">\n<figure class=\"gb-block-image gb-block-image-c435594a\"><a href=\"https:\/\/alcesuvoz.wichita.edu\/es\/2024\/01\/26\/three-things-a-clinician-should-know-about-working-with-an-interpreter\/\"><img loading=\"lazy\" decoding=\"async\" width=\"2560\" height=\"1811\" src=\"https:\/\/alcesuvoz.wichita.edu\/wp-content\/uploads\/2024\/04\/1dafc9_ecd7c8d67c214e6cb10ec7386051c0b8mv2-scaled.jpg\" class=\"gb-image-c435594a\" alt=\"\" srcset=\"https:\/\/alcesuvoz.wichita.edu\/wp-content\/uploads\/2024\/04\/1dafc9_ecd7c8d67c214e6cb10ec7386051c0b8mv2-scaled.jpg 2560w, https:\/\/alcesuvoz.wichita.edu\/wp-content\/uploads\/2024\/04\/1dafc9_ecd7c8d67c214e6cb10ec7386051c0b8mv2-300x212.jpg 300w, https:\/\/alcesuvoz.wichita.edu\/wp-content\/uploads\/2024\/04\/1dafc9_ecd7c8d67c214e6cb10ec7386051c0b8mv2-1024x724.jpg 1024w, https:\/\/alcesuvoz.wichita.edu\/wp-content\/uploads\/2024\/04\/1dafc9_ecd7c8d67c214e6cb10ec7386051c0b8mv2-768x543.jpg 768w, https:\/\/alcesuvoz.wichita.edu\/wp-content\/uploads\/2024\/04\/1dafc9_ecd7c8d67c214e6cb10ec7386051c0b8mv2-1536x1087.jpg 1536w, https:\/\/alcesuvoz.wichita.edu\/wp-content\/uploads\/2024\/04\/1dafc9_ecd7c8d67c214e6cb10ec7386051c0b8mv2-2048x1449.jpg 2048w, https:\/\/alcesuvoz.wichita.edu\/wp-content\/uploads\/2024\/04\/1dafc9_ecd7c8d67c214e6cb10ec7386051c0b8mv2-18x12.jpg 18w\" sizes=\"auto, (max-width: 2560px) 100vw, 2560px\" \/><\/a><\/figure>\n\n<h2 class=\"gb-headline gb-headline-26d148b1 profile-title gb-headline-text\"><a href=\"https:\/\/alcesuvoz.wichita.edu\/es\/2024\/01\/26\/three-things-a-clinician-should-know-about-working-with-an-interpreter\/\">Tres cosas que un m\u00e9dico debe saber acerca de trabajar con un int\u00e9rprete<\/a><\/h2>\n\n<p class=\"gb-headline gb-headline-b0a9a702 gb-headline-text\"><time class=\"entry-date published\" datetime=\"2024-01-26T00:32:15-06:00\">26 enero, 2024<\/time><\/p>\n\n<div class=\"gb-headline gb-headline-62e6217c gb-headline-text\">Por Francisco (\u2018Paco\u2019) Mart\u00ednez y Rachel Showstack\n\nSi es usted un m\u00e9dico en los Estados Unidos que atiende a pacientes cuyo idioma preferido no es el ingl\u00e9s ...<\/div>\n<\/div><\/div>\n\n<div class=\"gb-grid-column gb-grid-column-44cecbb2 gb-query-loop-item post-256 post type-post status-publish format-standard has-post-thumbnail hentry category-blogs\"><div class=\"gb-container gb-container-44cecbb2\">\n<figure class=\"gb-block-image gb-block-image-c435594a\"><a href=\"https:\/\/alcesuvoz.wichita.edu\/es\/2023\/11\/09\/alce-su-voz-builds-ark-city-community-coalition-with-speakers-of-four-mayan-languages\/\"><img loading=\"lazy\" decoding=\"async\" width=\"1130\" height=\"636\" src=\"https:\/\/alcesuvoz.wichita.edu\/wp-content\/uploads\/2024\/04\/1dafc9_b582da2b136242219e4a58b5976edcacmv2.jpg\" class=\"gb-image-c435594a\" alt=\"\" srcset=\"https:\/\/alcesuvoz.wichita.edu\/wp-content\/uploads\/2024\/04\/1dafc9_b582da2b136242219e4a58b5976edcacmv2.jpg 1130w, https:\/\/alcesuvoz.wichita.edu\/wp-content\/uploads\/2024\/04\/1dafc9_b582da2b136242219e4a58b5976edcacmv2-300x169.jpg 300w, https:\/\/alcesuvoz.wichita.edu\/wp-content\/uploads\/2024\/04\/1dafc9_b582da2b136242219e4a58b5976edcacmv2-1024x576.jpg 1024w, https:\/\/alcesuvoz.wichita.edu\/wp-content\/uploads\/2024\/04\/1dafc9_b582da2b136242219e4a58b5976edcacmv2-768x432.jpg 768w, https:\/\/alcesuvoz.wichita.edu\/wp-content\/uploads\/2024\/04\/1dafc9_b582da2b136242219e4a58b5976edcacmv2-18x10.jpg 18w\" sizes=\"auto, (max-width: 1130px) 100vw, 1130px\" \/><\/a><\/figure>\n\n<h2 class=\"gb-headline gb-headline-26d148b1 profile-title gb-headline-text\"><a href=\"https:\/\/alcesuvoz.wichita.edu\/es\/2023\/11\/09\/alce-su-voz-builds-ark-city-community-coalition-with-speakers-of-four-mayan-languages\/\">Alce su Voz construye una coalici\u00f3n comunitaria en Ark City con hablantes de cuatro lenguas mayas<\/a><\/h2>\n\n<p class=\"gb-headline gb-headline-b0a9a702 gb-headline-text\"><time class=\"entry-date published\" datetime=\"2023-11-09T23:26:20-06:00\">9 noviembre, 2023<\/time><\/p>\n\n<div class=\"gb-headline gb-headline-62e6217c gb-headline-text\">Kansas residents from Guatemala who speak the Mayan languages K\u2019iche\u2019, Akateko, Q\u2019anjob\u2019al, and Aguacateko spoke with Alce su Voz on&#8230;<\/div>\n<\/div><\/div>\n\n<div class=\"gb-grid-column gb-grid-column-44cecbb2 gb-query-loop-item post-258 post type-post status-publish format-standard has-post-thumbnail hentry category-blogs\"><div class=\"gb-container gb-container-44cecbb2\">\n<figure class=\"gb-block-image gb-block-image-c435594a\"><a href=\"https:\/\/alcesuvoz.wichita.edu\/es\/2023\/11\/03\/advancing-language-access-after-topeka-summit\/\"><img loading=\"lazy\" decoding=\"async\" width=\"2560\" height=\"1440\" src=\"https:\/\/alcesuvoz.wichita.edu\/wp-content\/uploads\/2024\/04\/1dafc9_814fcd550ba14286bd65fc85c9e348c3mv2-scaled.jpg\" class=\"gb-image-c435594a\" alt=\"\" srcset=\"https:\/\/alcesuvoz.wichita.edu\/wp-content\/uploads\/2024\/04\/1dafc9_814fcd550ba14286bd65fc85c9e348c3mv2-scaled.jpg 2560w, https:\/\/alcesuvoz.wichita.edu\/wp-content\/uploads\/2024\/04\/1dafc9_814fcd550ba14286bd65fc85c9e348c3mv2-300x169.jpg 300w, https:\/\/alcesuvoz.wichita.edu\/wp-content\/uploads\/2024\/04\/1dafc9_814fcd550ba14286bd65fc85c9e348c3mv2-1024x576.jpg 1024w, https:\/\/alcesuvoz.wichita.edu\/wp-content\/uploads\/2024\/04\/1dafc9_814fcd550ba14286bd65fc85c9e348c3mv2-768x432.jpg 768w, https:\/\/alcesuvoz.wichita.edu\/wp-content\/uploads\/2024\/04\/1dafc9_814fcd550ba14286bd65fc85c9e348c3mv2-1536x864.jpg 1536w, https:\/\/alcesuvoz.wichita.edu\/wp-content\/uploads\/2024\/04\/1dafc9_814fcd550ba14286bd65fc85c9e348c3mv2-2048x1152.jpg 2048w, https:\/\/alcesuvoz.wichita.edu\/wp-content\/uploads\/2024\/04\/1dafc9_814fcd550ba14286bd65fc85c9e348c3mv2-18x10.jpg 18w\" sizes=\"auto, (max-width: 2560px) 100vw, 2560px\" \/><\/a><\/figure>\n\n<h2 class=\"gb-headline gb-headline-26d148b1 profile-title gb-headline-text\"><a href=\"https:\/\/alcesuvoz.wichita.edu\/es\/2023\/11\/03\/advancing-language-access-after-topeka-summit\/\">Avanzando en el acceso ling\u00fc\u00edstico despu\u00e9s de la cumbre de Topeka<\/a><\/h2>\n\n<p class=\"gb-headline gb-headline-b0a9a702 gb-headline-text\"><time class=\"entry-date published\" datetime=\"2023-11-03T13:43:34-05:00\">3 noviembre, 2023<\/time><\/p>\n\n<div class=\"gb-headline gb-headline-62e6217c gb-headline-text\">Por Rachel Showstack y Rommy Vargas-Bezzubikoff* Como han proclamado los habitantes de Kansas ling\u00fc\u00edsticamente diversos en reuniones comunitarias en todo Kansas<\/div>\n<\/div><\/div>\n\n<div class=\"gb-grid-column gb-grid-column-44cecbb2 gb-query-loop-item post-260 post type-post status-publish format-standard has-post-thumbnail hentry category-blogs\"><div class=\"gb-container gb-container-44cecbb2\">\n<figure class=\"gb-block-image gb-block-image-c435594a\"><a href=\"https:\/\/alcesuvoz.wichita.edu\/es\/2023\/09\/25\/civic-conversations-for-health-equity\/\"><img loading=\"lazy\" decoding=\"async\" width=\"2560\" height=\"1706\" src=\"https:\/\/alcesuvoz.wichita.edu\/wp-content\/uploads\/2024\/04\/1dafc9_251c6f717e9646c0864ec4a48d8e02cemv2-scaled.jpg\" class=\"gb-image-c435594a\" alt=\"Mayor Brandon Whipple and Councilwoman Maggie Ballard listen to County Commissioner Sarah Lopez while seated at a table\" srcset=\"https:\/\/alcesuvoz.wichita.edu\/wp-content\/uploads\/2024\/04\/1dafc9_251c6f717e9646c0864ec4a48d8e02cemv2-scaled.jpg 2560w, https:\/\/alcesuvoz.wichita.edu\/wp-content\/uploads\/2024\/04\/1dafc9_251c6f717e9646c0864ec4a48d8e02cemv2-300x200.jpg 300w, https:\/\/alcesuvoz.wichita.edu\/wp-content\/uploads\/2024\/04\/1dafc9_251c6f717e9646c0864ec4a48d8e02cemv2-1024x683.jpg 1024w, https:\/\/alcesuvoz.wichita.edu\/wp-content\/uploads\/2024\/04\/1dafc9_251c6f717e9646c0864ec4a48d8e02cemv2-768x512.jpg 768w, https:\/\/alcesuvoz.wichita.edu\/wp-content\/uploads\/2024\/04\/1dafc9_251c6f717e9646c0864ec4a48d8e02cemv2-1536x1024.jpg 1536w, https:\/\/alcesuvoz.wichita.edu\/wp-content\/uploads\/2024\/04\/1dafc9_251c6f717e9646c0864ec4a48d8e02cemv2-2048x1365.jpg 2048w, https:\/\/alcesuvoz.wichita.edu\/wp-content\/uploads\/2024\/04\/1dafc9_251c6f717e9646c0864ec4a48d8e02cemv2-18x12.jpg 18w\" sizes=\"auto, (max-width: 2560px) 100vw, 2560px\" \/><\/a><\/figure>\n\n<h2 class=\"gb-headline gb-headline-26d148b1 profile-title gb-headline-text\"><a href=\"https:\/\/alcesuvoz.wichita.edu\/es\/2023\/09\/25\/civic-conversations-for-health-equity\/\">Conversaciones c\u00edvicas para la equidad en salud<\/a><\/h2>\n\n<p class=\"gb-headline gb-headline-b0a9a702 gb-headline-text\"><time class=\"entry-date published\" datetime=\"2023-09-25T12:21:41-05:00\">25 septiembre, 2023<\/time><\/p>\n\n<div class=\"gb-headline gb-headline-62e6217c gb-headline-text\">Civic participation activities, like voting, volunteering, talking with elected officials, community gardening, or group activities like&#8230;<\/div>\n<\/div><\/div>\n\n<div class=\"gb-grid-column gb-grid-column-44cecbb2 gb-query-loop-item post-262 post type-post status-publish format-standard has-post-thumbnail hentry category-blogs\"><div class=\"gb-container gb-container-44cecbb2\">\n<figure class=\"gb-block-image gb-block-image-c435594a\"><a href=\"https:\/\/alcesuvoz.wichita.edu\/es\/2023\/07\/27\/access-to-mental-health-services-for-spanish-speakers-in-kansas\/\"><img loading=\"lazy\" decoding=\"async\" width=\"480\" height=\"640\" src=\"https:\/\/alcesuvoz.wichita.edu\/wp-content\/uploads\/2024\/04\/1dafc9_f9a09961a7314f5f81f04525bae6c073mv2.jpg\" class=\"gb-image-c435594a\" alt=\"A woman presents to people seated at a table\" srcset=\"https:\/\/alcesuvoz.wichita.edu\/wp-content\/uploads\/2024\/04\/1dafc9_f9a09961a7314f5f81f04525bae6c073mv2.jpg 480w, https:\/\/alcesuvoz.wichita.edu\/wp-content\/uploads\/2024\/04\/1dafc9_f9a09961a7314f5f81f04525bae6c073mv2-225x300.jpg 225w, https:\/\/alcesuvoz.wichita.edu\/wp-content\/uploads\/2024\/04\/1dafc9_f9a09961a7314f5f81f04525bae6c073mv2-9x12.jpg 9w\" sizes=\"auto, (max-width: 480px) 100vw, 480px\" \/><\/a><\/figure>\n\n<h2 class=\"gb-headline gb-headline-26d148b1 profile-title gb-headline-text\"><a href=\"https:\/\/alcesuvoz.wichita.edu\/es\/2023\/07\/27\/access-to-mental-health-services-for-spanish-speakers-in-kansas\/\">Acceso a servicios de salud mental para hispanohablantes en Kansas<\/a><\/h2>\n\n<p class=\"gb-headline gb-headline-b0a9a702 gb-headline-text\"><time class=\"entry-date published\" datetime=\"2023-07-27T16:00:39-05:00\">27 julio, 2023<\/time><\/p>\n\n<div class=\"gb-headline gb-headline-62e6217c gb-headline-text\">By Kelly Guzman, with contributions by Rachel Showstack Kelly Guzman is a bilingual mental health clinician with a private practice in&#8230;<\/div>\n<\/div><\/div>\n\n<div class=\"gb-grid-column gb-grid-column-44cecbb2 gb-query-loop-item post-2055 post type-post status-publish format-standard has-post-thumbnail hentry category-blogs\"><div class=\"gb-container gb-container-44cecbb2\">\n<figure class=\"gb-block-image gb-block-image-c435594a\"><a href=\"https:\/\/alcesuvoz.wichita.edu\/es\/2023\/06\/05\/supporting-multilingualism-for-health-equity-in-public-education-in-kansas-2\/\"><img loading=\"lazy\" decoding=\"async\" width=\"2560\" height=\"1920\" src=\"https:\/\/alcesuvoz.wichita.edu\/wp-content\/uploads\/2024\/04\/1dafc9_a76a17ce850149eaa96e2d001656c38fmv2-scaled.jpg\" class=\"gb-image-c435594a\" alt=\"\" srcset=\"https:\/\/alcesuvoz.wichita.edu\/wp-content\/uploads\/2024\/04\/1dafc9_a76a17ce850149eaa96e2d001656c38fmv2-scaled.jpg 2560w, https:\/\/alcesuvoz.wichita.edu\/wp-content\/uploads\/2024\/04\/1dafc9_a76a17ce850149eaa96e2d001656c38fmv2-300x225.jpg 300w, https:\/\/alcesuvoz.wichita.edu\/wp-content\/uploads\/2024\/04\/1dafc9_a76a17ce850149eaa96e2d001656c38fmv2-1024x768.jpg 1024w, https:\/\/alcesuvoz.wichita.edu\/wp-content\/uploads\/2024\/04\/1dafc9_a76a17ce850149eaa96e2d001656c38fmv2-768x576.jpg 768w, https:\/\/alcesuvoz.wichita.edu\/wp-content\/uploads\/2024\/04\/1dafc9_a76a17ce850149eaa96e2d001656c38fmv2-1536x1152.jpg 1536w, https:\/\/alcesuvoz.wichita.edu\/wp-content\/uploads\/2024\/04\/1dafc9_a76a17ce850149eaa96e2d001656c38fmv2-2048x1536.jpg 2048w, https:\/\/alcesuvoz.wichita.edu\/wp-content\/uploads\/2024\/04\/1dafc9_a76a17ce850149eaa96e2d001656c38fmv2-16x12.jpg 16w\" sizes=\"auto, (max-width: 2560px) 100vw, 2560px\" \/><\/a><\/figure>\n\n<h2 class=\"gb-headline gb-headline-26d148b1 profile-title gb-headline-text\"><a href=\"https:\/\/alcesuvoz.wichita.edu\/es\/2023\/06\/05\/supporting-multilingualism-for-health-equity-in-public-education-in-kansas-2\/\">Apoyando el multiling\u00fcismo en la educaci\u00f3n p\u00fablica para la equidad en la salud en Kansas<\/a><\/h2>\n\n<p class=\"gb-headline gb-headline-b0a9a702 gb-headline-text\"><time class=\"entry-date published\" datetime=\"2023-06-05T00:00:37-05:00\">5 junio, 2023<\/time><\/p>\n\n<div class=\"gb-headline gb-headline-62e6217c gb-headline-text\">By Rachael Showstack Education has long been considered a \u201csocial determinant of health\u201d (SoDH), or a condition in which people live that affects their overall &#8230; <a title=\"Apoyando el multiling\u00fcismo en la educaci\u00f3n p\u00fablica para la equidad en la salud en Kansas\" class=\"read-more\" href=\"https:\/\/alcesuvoz.wichita.edu\/es\/2023\/06\/05\/supporting-multilingualism-for-health-equity-in-public-education-in-kansas-2\/\" aria-label=\"Leer m\u00e1s sobre Supporting Multilingualism for Health Equity in Public Education in Kansas\">Read more<\/a><\/div>\n<\/div><\/div>\n\n<div class=\"gb-grid-column gb-grid-column-44cecbb2 gb-query-loop-item post-266 post type-post status-publish format-standard has-post-thumbnail hentry category-blogs\"><div class=\"gb-container gb-container-44cecbb2\">\n<figure class=\"gb-block-image gb-block-image-c435594a\"><a href=\"https:\/\/alcesuvoz.wichita.edu\/es\/2023\/05\/15\/la-profesionalizaci%c3%b3n-del-rol-del-int%c3%a9rprete-en-kansas\/\"><img loading=\"lazy\" decoding=\"async\" width=\"2560\" height=\"1920\" src=\"https:\/\/alcesuvoz.wichita.edu\/wp-content\/uploads\/2024\/04\/1dafc9_f044f4e5cd5c4133ac0378f6acd54ee5mv2-scaled.jpg\" class=\"gb-image-c435594a\" alt=\"\" srcset=\"https:\/\/alcesuvoz.wichita.edu\/wp-content\/uploads\/2024\/04\/1dafc9_f044f4e5cd5c4133ac0378f6acd54ee5mv2-scaled.jpg 2560w, https:\/\/alcesuvoz.wichita.edu\/wp-content\/uploads\/2024\/04\/1dafc9_f044f4e5cd5c4133ac0378f6acd54ee5mv2-300x225.jpg 300w, https:\/\/alcesuvoz.wichita.edu\/wp-content\/uploads\/2024\/04\/1dafc9_f044f4e5cd5c4133ac0378f6acd54ee5mv2-1024x768.jpg 1024w, https:\/\/alcesuvoz.wichita.edu\/wp-content\/uploads\/2024\/04\/1dafc9_f044f4e5cd5c4133ac0378f6acd54ee5mv2-768x576.jpg 768w, https:\/\/alcesuvoz.wichita.edu\/wp-content\/uploads\/2024\/04\/1dafc9_f044f4e5cd5c4133ac0378f6acd54ee5mv2-1536x1152.jpg 1536w, https:\/\/alcesuvoz.wichita.edu\/wp-content\/uploads\/2024\/04\/1dafc9_f044f4e5cd5c4133ac0378f6acd54ee5mv2-2048x1536.jpg 2048w, https:\/\/alcesuvoz.wichita.edu\/wp-content\/uploads\/2024\/04\/1dafc9_f044f4e5cd5c4133ac0378f6acd54ee5mv2-16x12.jpg 16w\" sizes=\"auto, (max-width: 2560px) 100vw, 2560px\" \/><\/a><\/figure>\n\n<h2 class=\"gb-headline gb-headline-26d148b1 profile-title gb-headline-text\"><a href=\"https:\/\/alcesuvoz.wichita.edu\/es\/2023\/05\/15\/la-profesionalizaci%c3%b3n-del-rol-del-int%c3%a9rprete-en-kansas\/\">La profesionalizaci\u00f3n del rol de int\u00e9rprete en Kansas<\/a><\/h2>\n\n<p class=\"gb-headline gb-headline-b0a9a702 gb-headline-text\"><time class=\"entry-date published\" datetime=\"2023-05-15T02:48:52-05:00\">15 mayo, 2023<\/time><\/p>\n\n<div class=\"gb-headline gb-headline-62e6217c gb-headline-text\">Equipo de int\u00e9rpretes aprende sobre las leyes y regulaciones de acceso ling\u00fc\u00edstico   y se pregunta por qu\u00e9 Kansas no las sigue&#8230;<\/div>\n<\/div><\/div>\n\n<div class=\"gb-grid-column gb-grid-column-44cecbb2 gb-query-loop-item post-267 post type-post status-publish format-standard has-post-thumbnail hentry category-blogs\"><div class=\"gb-container gb-container-44cecbb2\">\n<figure class=\"gb-block-image gb-block-image-c435594a\"><a href=\"https:\/\/alcesuvoz.wichita.edu\/es\/2023\/05\/13\/interpreter-engagement-and-education\/\"><img loading=\"lazy\" decoding=\"async\" width=\"2560\" height=\"1920\" src=\"https:\/\/alcesuvoz.wichita.edu\/wp-content\/uploads\/2024\/04\/1dafc9_f044f4e5cd5c4133ac0378f6acd54ee5mv2-scaled.jpg\" class=\"gb-image-c435594a\" alt=\"\" srcset=\"https:\/\/alcesuvoz.wichita.edu\/wp-content\/uploads\/2024\/04\/1dafc9_f044f4e5cd5c4133ac0378f6acd54ee5mv2-scaled.jpg 2560w, https:\/\/alcesuvoz.wichita.edu\/wp-content\/uploads\/2024\/04\/1dafc9_f044f4e5cd5c4133ac0378f6acd54ee5mv2-300x225.jpg 300w, https:\/\/alcesuvoz.wichita.edu\/wp-content\/uploads\/2024\/04\/1dafc9_f044f4e5cd5c4133ac0378f6acd54ee5mv2-1024x768.jpg 1024w, https:\/\/alcesuvoz.wichita.edu\/wp-content\/uploads\/2024\/04\/1dafc9_f044f4e5cd5c4133ac0378f6acd54ee5mv2-768x576.jpg 768w, https:\/\/alcesuvoz.wichita.edu\/wp-content\/uploads\/2024\/04\/1dafc9_f044f4e5cd5c4133ac0378f6acd54ee5mv2-1536x1152.jpg 1536w, https:\/\/alcesuvoz.wichita.edu\/wp-content\/uploads\/2024\/04\/1dafc9_f044f4e5cd5c4133ac0378f6acd54ee5mv2-2048x1536.jpg 2048w, https:\/\/alcesuvoz.wichita.edu\/wp-content\/uploads\/2024\/04\/1dafc9_f044f4e5cd5c4133ac0378f6acd54ee5mv2-16x12.jpg 16w\" sizes=\"auto, (max-width: 2560px) 100vw, 2560px\" \/><\/a><\/figure>\n\n<h2 class=\"gb-headline gb-headline-26d148b1 profile-title gb-headline-text\"><a href=\"https:\/\/alcesuvoz.wichita.edu\/es\/2023\/05\/13\/interpreter-engagement-and-education\/\">Professionalizing the Interpreter Role in Kansas<\/a><\/h2>\n\n<p class=\"gb-headline gb-headline-b0a9a702 gb-headline-text\"><time class=\"entry-date published\" datetime=\"2023-05-13T23:57:27-05:00\">13 mayo, 2023<\/time><\/p>\n\n<div class=\"gb-headline gb-headline-62e6217c gb-headline-text\">Interpreter Team Learns Language Access Laws and Regulations and Asks Why Kansas does not Consistently Follow Them Title VI of the Civil&#8230;<\/div>\n<\/div><\/div>\n\n<div class=\"gb-grid-column gb-grid-column-44cecbb2 gb-query-loop-item post-268 post type-post status-publish format-standard has-post-thumbnail hentry category-blogs\"><div class=\"gb-container gb-container-44cecbb2\">\n<figure class=\"gb-block-image gb-block-image-c435594a\"><a href=\"https:\/\/alcesuvoz.wichita.edu\/es\/2023\/05\/08\/gracias-a-los-estudiantes-de-alce-su-voz\/\"><img loading=\"lazy\" decoding=\"async\" width=\"1756\" height=\"1426\" src=\"https:\/\/alcesuvoz.wichita.edu\/wp-content\/uploads\/2024\/04\/1dafc9_206c423cfc6940c0a2cc2c6c199a2800mv2.jpg\" class=\"gb-image-c435594a\" alt=\"\" srcset=\"https:\/\/alcesuvoz.wichita.edu\/wp-content\/uploads\/2024\/04\/1dafc9_206c423cfc6940c0a2cc2c6c199a2800mv2.jpg 1756w, https:\/\/alcesuvoz.wichita.edu\/wp-content\/uploads\/2024\/04\/1dafc9_206c423cfc6940c0a2cc2c6c199a2800mv2-300x244.jpg 300w, https:\/\/alcesuvoz.wichita.edu\/wp-content\/uploads\/2024\/04\/1dafc9_206c423cfc6940c0a2cc2c6c199a2800mv2-1024x832.jpg 1024w, https:\/\/alcesuvoz.wichita.edu\/wp-content\/uploads\/2024\/04\/1dafc9_206c423cfc6940c0a2cc2c6c199a2800mv2-768x624.jpg 768w, https:\/\/alcesuvoz.wichita.edu\/wp-content\/uploads\/2024\/04\/1dafc9_206c423cfc6940c0a2cc2c6c199a2800mv2-1536x1247.jpg 1536w, https:\/\/alcesuvoz.wichita.edu\/wp-content\/uploads\/2024\/04\/1dafc9_206c423cfc6940c0a2cc2c6c199a2800mv2-15x12.jpg 15w\" sizes=\"auto, (max-width: 1756px) 100vw, 1756px\" \/><\/a><\/figure>\n\n<h2 class=\"gb-headline gb-headline-26d148b1 profile-title gb-headline-text\"><a href=\"https:\/\/alcesuvoz.wichita.edu\/es\/2023\/05\/08\/gracias-a-los-estudiantes-de-alce-su-voz\/\">\u00a1Gracias a los estudiantes de Alce su Voz!<\/a><\/h2>\n\n<p class=\"gb-headline gb-headline-b0a9a702 gb-headline-text\"><time class=\"entry-date published\" datetime=\"2023-05-08T14:43:18-05:00\">8 mayo, 2023<\/time><\/p>\n\n<div class=\"gb-headline gb-headline-62e6217c gb-headline-text\">Alce su Voz would like to say thank you to our student research assistants for all of the amazing work they do! In this blog post, our&#8230;<\/div>\n<\/div><\/div>\n\n<div class=\"gb-grid-column gb-grid-column-44cecbb2 gb-query-loop-item post-270 post type-post status-publish format-standard has-post-thumbnail hentry category-blogs\"><div class=\"gb-container gb-container-44cecbb2\">\n<figure class=\"gb-block-image gb-block-image-c435594a\"><a href=\"https:\/\/alcesuvoz.wichita.edu\/es\/2023\/05\/01\/taking-alce-su-voz-workshops-to-southwest-kansas-provides-information-about-barriers-to-health-care\/\"><img loading=\"lazy\" decoding=\"async\" width=\"2560\" height=\"1920\" src=\"https:\/\/alcesuvoz.wichita.edu\/wp-content\/uploads\/2024\/04\/1dafc9_bcd99263939a4feeb07b60c687454806mv2-scaled.jpg\" class=\"gb-image-c435594a\" alt=\"A speaker talks to a roomful of people seated at tables\" srcset=\"https:\/\/alcesuvoz.wichita.edu\/wp-content\/uploads\/2024\/04\/1dafc9_bcd99263939a4feeb07b60c687454806mv2-scaled.jpg 2560w, https:\/\/alcesuvoz.wichita.edu\/wp-content\/uploads\/2024\/04\/1dafc9_bcd99263939a4feeb07b60c687454806mv2-300x225.jpg 300w, https:\/\/alcesuvoz.wichita.edu\/wp-content\/uploads\/2024\/04\/1dafc9_bcd99263939a4feeb07b60c687454806mv2-1024x768.jpg 1024w, https:\/\/alcesuvoz.wichita.edu\/wp-content\/uploads\/2024\/04\/1dafc9_bcd99263939a4feeb07b60c687454806mv2-768x576.jpg 768w, https:\/\/alcesuvoz.wichita.edu\/wp-content\/uploads\/2024\/04\/1dafc9_bcd99263939a4feeb07b60c687454806mv2-1536x1152.jpg 1536w, https:\/\/alcesuvoz.wichita.edu\/wp-content\/uploads\/2024\/04\/1dafc9_bcd99263939a4feeb07b60c687454806mv2-2048x1536.jpg 2048w, https:\/\/alcesuvoz.wichita.edu\/wp-content\/uploads\/2024\/04\/1dafc9_bcd99263939a4feeb07b60c687454806mv2-16x12.jpg 16w\" sizes=\"auto, (max-width: 2560px) 100vw, 2560px\" \/><\/a><\/figure>\n\n<h2 class=\"gb-headline gb-headline-26d148b1 profile-title gb-headline-text\"><a href=\"https:\/\/alcesuvoz.wichita.edu\/es\/2023\/05\/01\/taking-alce-su-voz-workshops-to-southwest-kansas-provides-information-about-barriers-to-health-care\/\">Alce su voz ha llevado sus talleres al suroeste de Kansas<\/a><\/h2>\n\n<p class=\"gb-headline gb-headline-b0a9a702 gb-headline-text\"><time class=\"entry-date published\" datetime=\"2023-05-01T14:15:45-05:00\">1 mayo, 2023<\/time><\/p>\n\n<div class=\"gb-headline gb-headline-62e6217c gb-headline-text\">Did you know that the population in Ford, Seward, and Finney counties in rural southwest Kansas is over 50% Hispanic\/Latinx? Dodge City,&#8230;<\/div>\n<\/div><\/div>\n\n<div class=\"gb-grid-column gb-grid-column-44cecbb2 gb-query-loop-item post-271 post type-post status-publish format-standard has-post-thumbnail hentry category-blogs\"><div class=\"gb-container gb-container-44cecbb2\">\n<figure class=\"gb-block-image gb-block-image-c435594a\"><a href=\"https:\/\/alcesuvoz.wichita.edu\/es\/2023\/04\/26\/building-a-coalition-with-mayan-communities-in-coffeyville\/\"><img loading=\"lazy\" decoding=\"async\" width=\"1726\" height=\"1342\" src=\"https:\/\/alcesuvoz.wichita.edu\/wp-content\/uploads\/2024\/04\/1dafc9_a4a6eb5b46454e69ae47d8a2d277863dmv2.jpg\" class=\"gb-image-c435594a\" alt=\"\" srcset=\"https:\/\/alcesuvoz.wichita.edu\/wp-content\/uploads\/2024\/04\/1dafc9_a4a6eb5b46454e69ae47d8a2d277863dmv2.jpg 1726w, https:\/\/alcesuvoz.wichita.edu\/wp-content\/uploads\/2024\/04\/1dafc9_a4a6eb5b46454e69ae47d8a2d277863dmv2-300x233.jpg 300w, https:\/\/alcesuvoz.wichita.edu\/wp-content\/uploads\/2024\/04\/1dafc9_a4a6eb5b46454e69ae47d8a2d277863dmv2-1024x796.jpg 1024w, https:\/\/alcesuvoz.wichita.edu\/wp-content\/uploads\/2024\/04\/1dafc9_a4a6eb5b46454e69ae47d8a2d277863dmv2-768x597.jpg 768w, https:\/\/alcesuvoz.wichita.edu\/wp-content\/uploads\/2024\/04\/1dafc9_a4a6eb5b46454e69ae47d8a2d277863dmv2-1536x1194.jpg 1536w, https:\/\/alcesuvoz.wichita.edu\/wp-content\/uploads\/2024\/04\/1dafc9_a4a6eb5b46454e69ae47d8a2d277863dmv2-15x12.jpg 15w\" sizes=\"auto, (max-width: 1726px) 100vw, 1726px\" \/><\/a><\/figure>\n\n<h2 class=\"gb-headline gb-headline-26d148b1 profile-title gb-headline-text\"><a href=\"https:\/\/alcesuvoz.wichita.edu\/es\/2023\/04\/26\/building-a-coalition-with-mayan-communities-in-coffeyville\/\">Building a Coalition with Mayan Communities in Coffeyville<\/a><\/h2>\n\n<p class=\"gb-headline gb-headline-b0a9a702 gb-headline-text\"><time class=\"entry-date published\" datetime=\"2023-04-26T18:58:22-05:00\">26 abril, 2023<\/time><\/p>\n\n<div class=\"gb-headline gb-headline-62e6217c gb-headline-text\">I\u2019m writing this post in Coffeyville, Kansas, where I just spent three days meeting with Mayan families, community leaders, and&#8230;<\/div>\n<\/div><\/div>\n\n<div class=\"gb-grid-column gb-grid-column-44cecbb2 gb-query-loop-item post-2077 post type-post status-publish format-standard has-post-thumbnail hentry category-blogs\"><div class=\"gb-container gb-container-44cecbb2\">\n<figure class=\"gb-block-image gb-block-image-c435594a\"><a href=\"https:\/\/alcesuvoz.wichita.edu\/es\/2023\/02\/11\/announcing-five-exciting-workshops-for-spanish-speakers-in-wichita\/\"><img loading=\"lazy\" decoding=\"async\" width=\"777\" height=\"518\" src=\"https:\/\/alcesuvoz.wichita.edu\/wp-content\/uploads\/2025\/04\/1dafc9_7752ed5051f54235a5532039486665demv2.jpg\" class=\"gb-image-c435594a\" alt=\"\" srcset=\"https:\/\/alcesuvoz.wichita.edu\/wp-content\/uploads\/2025\/04\/1dafc9_7752ed5051f54235a5532039486665demv2.jpg 777w, https:\/\/alcesuvoz.wichita.edu\/wp-content\/uploads\/2025\/04\/1dafc9_7752ed5051f54235a5532039486665demv2-300x200.jpg 300w, https:\/\/alcesuvoz.wichita.edu\/wp-content\/uploads\/2025\/04\/1dafc9_7752ed5051f54235a5532039486665demv2-768x512.jpg 768w, https:\/\/alcesuvoz.wichita.edu\/wp-content\/uploads\/2025\/04\/1dafc9_7752ed5051f54235a5532039486665demv2-18x12.jpg 18w\" sizes=\"auto, (max-width: 777px) 100vw, 777px\" \/><\/a><\/figure>\n\n<h2 class=\"gb-headline gb-headline-26d148b1 profile-title gb-headline-text\"><a href=\"https:\/\/alcesuvoz.wichita.edu\/es\/2023\/02\/11\/announcing-five-exciting-workshops-for-spanish-speakers-in-wichita\/\">Announcing Five Exciting Workshops for Spanish Speakers in Wichita!<\/a><\/h2>\n\n<p class=\"gb-headline gb-headline-b0a9a702 gb-headline-text\"><time class=\"entry-date published\" datetime=\"2023-02-11T12:00:29-06:00\">11 febrero, 2023<\/time><\/p>\n\n<div class=\"gb-headline gb-headline-62e6217c gb-headline-text\">By Savannah Paschal and Rachel Showstack Alce su voz has an exciting lineup of Spanish-language workshops planned for this spring and summer, starting with a &#8230; <a title=\"Announcing Five Exciting Workshops for Spanish Speakers in Wichita!\" class=\"read-more\" href=\"https:\/\/alcesuvoz.wichita.edu\/es\/2023\/02\/11\/announcing-five-exciting-workshops-for-spanish-speakers-in-wichita\/\" aria-label=\"Leer m\u00e1s sobre Announcing Five Exciting Workshops for Spanish Speakers in Wichita!\">Read more<\/a><\/div>\n<\/div><\/div>\n\n<div class=\"gb-grid-column gb-grid-column-44cecbb2 gb-query-loop-item post-2080 post type-post status-publish format-standard has-post-thumbnail hentry category-blogs\"><div class=\"gb-container gb-container-44cecbb2\">\n<figure class=\"gb-block-image gb-block-image-c435594a\"><a href=\"https:\/\/alcesuvoz.wichita.edu\/es\/2023\/01\/21\/the-alce-su-voz-community-council-forges-the-path-for-our-newest-project\/\"><img loading=\"lazy\" decoding=\"async\" width=\"777\" height=\"559\" src=\"https:\/\/alcesuvoz.wichita.edu\/wp-content\/uploads\/2025\/04\/1dafc9_de94059638fa4e83b3277ed18775cb9emv2.jpg\" class=\"gb-image-c435594a\" alt=\"\" srcset=\"https:\/\/alcesuvoz.wichita.edu\/wp-content\/uploads\/2025\/04\/1dafc9_de94059638fa4e83b3277ed18775cb9emv2.jpg 777w, https:\/\/alcesuvoz.wichita.edu\/wp-content\/uploads\/2025\/04\/1dafc9_de94059638fa4e83b3277ed18775cb9emv2-300x216.jpg 300w, https:\/\/alcesuvoz.wichita.edu\/wp-content\/uploads\/2025\/04\/1dafc9_de94059638fa4e83b3277ed18775cb9emv2-768x553.jpg 768w, https:\/\/alcesuvoz.wichita.edu\/wp-content\/uploads\/2025\/04\/1dafc9_de94059638fa4e83b3277ed18775cb9emv2-18x12.jpg 18w\" sizes=\"auto, (max-width: 777px) 100vw, 777px\" \/><\/a><\/figure>\n\n<h2 class=\"gb-headline gb-headline-26d148b1 profile-title gb-headline-text\"><a href=\"https:\/\/alcesuvoz.wichita.edu\/es\/2023\/01\/21\/the-alce-su-voz-community-council-forges-the-path-for-our-newest-project\/\">The Alce Su Voz Community Council Forges the Path for Our Newest Project<\/a><\/h2>\n\n<p class=\"gb-headline gb-headline-b0a9a702 gb-headline-text\"><time class=\"entry-date published\" datetime=\"2023-01-21T12:00:52-06:00\">21 enero, 2023<\/time><\/p>\n\n<div class=\"gb-headline gb-headline-62e6217c gb-headline-text\">by Rachel Showstack Alce su voz community members gathered last Saturday at the Evergreen Community Center and Library to collaborate on our newest funded initiative &#8230; <a title=\"The Alce Su Voz Community Council Forges the Path for Our Newest Project\" class=\"read-more\" href=\"https:\/\/alcesuvoz.wichita.edu\/es\/2023\/01\/21\/the-alce-su-voz-community-council-forges-the-path-for-our-newest-project\/\" aria-label=\"Leer m\u00e1s sobre The Alce Su Voz Community Council Forges the Path for Our Newest Project\">Read more<\/a><\/div>\n<\/div><\/div>\n\n<div class=\"gb-grid-column gb-grid-column-44cecbb2 gb-query-loop-item post-2084 post type-post status-publish format-standard has-post-thumbnail hentry category-blogs\"><div class=\"gb-container gb-container-44cecbb2\">\n<figure class=\"gb-block-image gb-block-image-c435594a\"><a href=\"https:\/\/alcesuvoz.wichita.edu\/es\/2022\/12\/24\/wichita-state-spanish-students-collaborate-with-alce-su-voz\/\"><img loading=\"lazy\" decoding=\"async\" width=\"777\" height=\"517\" src=\"https:\/\/alcesuvoz.wichita.edu\/wp-content\/uploads\/2025\/04\/1dafc9_bbc918b4ad394400b402484ab00a9edamv2.jpeg\" class=\"gb-image-c435594a\" alt=\"\" srcset=\"https:\/\/alcesuvoz.wichita.edu\/wp-content\/uploads\/2025\/04\/1dafc9_bbc918b4ad394400b402484ab00a9edamv2.jpeg 777w, https:\/\/alcesuvoz.wichita.edu\/wp-content\/uploads\/2025\/04\/1dafc9_bbc918b4ad394400b402484ab00a9edamv2-300x200.jpeg 300w, https:\/\/alcesuvoz.wichita.edu\/wp-content\/uploads\/2025\/04\/1dafc9_bbc918b4ad394400b402484ab00a9edamv2-768x511.jpeg 768w, https:\/\/alcesuvoz.wichita.edu\/wp-content\/uploads\/2025\/04\/1dafc9_bbc918b4ad394400b402484ab00a9edamv2-18x12.jpeg 18w\" sizes=\"auto, (max-width: 777px) 100vw, 777px\" \/><\/a><\/figure>\n\n<h2 class=\"gb-headline gb-headline-26d148b1 profile-title gb-headline-text\"><a href=\"https:\/\/alcesuvoz.wichita.edu\/es\/2022\/12\/24\/wichita-state-spanish-students-collaborate-with-alce-su-voz\/\">Wichita State Spanish Students Collaborate with Alce su Voz<\/a><\/h2>\n\n<p class=\"gb-headline gb-headline-b0a9a702 gb-headline-text\"><time class=\"entry-date published\" datetime=\"2022-12-24T12:00:28-06:00\">24 diciembre, 2022<\/time><\/p>\n\n<div class=\"gb-headline gb-headline-62e6217c gb-headline-text\">By Devin Hamm, Madison Coleman, Cynthia Hermosillo, and Payton Dearmont This fall semester, the students in Dr. Rachel Showstack\u2019s \u201cSpanish in the U.S.\u201d class designed &#8230; <a title=\"Wichita State Spanish Students Collaborate with Alce su Voz\" class=\"read-more\" href=\"https:\/\/alcesuvoz.wichita.edu\/es\/2022\/12\/24\/wichita-state-spanish-students-collaborate-with-alce-su-voz\/\" aria-label=\"Leer m\u00e1s sobre Wichita State Spanish Students Collaborate with Alce su Voz\">Read more<\/a><\/div>\n<\/div><\/div>\n\n<div class=\"gb-grid-column gb-grid-column-44cecbb2 gb-query-loop-item post-2088 post type-post status-publish format-standard has-post-thumbnail hentry category-blogs\"><div class=\"gb-container gb-container-44cecbb2\">\n<figure class=\"gb-block-image gb-block-image-c435594a\"><a href=\"https:\/\/alcesuvoz.wichita.edu\/es\/2022\/12\/14\/building-equitable-health-services-for-speakers-of-mayan-languages-community-voices-in-southeast-ks\/\"><img loading=\"lazy\" decoding=\"async\" width=\"777\" height=\"594\" src=\"https:\/\/alcesuvoz.wichita.edu\/wp-content\/uploads\/2025\/04\/1dafc9_28bc704b8b29437683c4458a12195e54mv2.jpg\" class=\"gb-image-c435594a\" alt=\"\" srcset=\"https:\/\/alcesuvoz.wichita.edu\/wp-content\/uploads\/2025\/04\/1dafc9_28bc704b8b29437683c4458a12195e54mv2.jpg 777w, https:\/\/alcesuvoz.wichita.edu\/wp-content\/uploads\/2025\/04\/1dafc9_28bc704b8b29437683c4458a12195e54mv2-300x229.jpg 300w, https:\/\/alcesuvoz.wichita.edu\/wp-content\/uploads\/2025\/04\/1dafc9_28bc704b8b29437683c4458a12195e54mv2-768x587.jpg 768w, https:\/\/alcesuvoz.wichita.edu\/wp-content\/uploads\/2025\/04\/1dafc9_28bc704b8b29437683c4458a12195e54mv2-16x12.jpg 16w\" sizes=\"auto, (max-width: 777px) 100vw, 777px\" \/><\/a><\/figure>\n\n<h2 class=\"gb-headline gb-headline-26d148b1 profile-title gb-headline-text\"><a href=\"https:\/\/alcesuvoz.wichita.edu\/es\/2022\/12\/14\/building-equitable-health-services-for-speakers-of-mayan-languages-community-voices-in-southeast-ks\/\">Building Equitable Health Services for Speakers of Mayan Languages: Community Voices in Southeast KS<\/a><\/h2>\n\n<p class=\"gb-headline gb-headline-b0a9a702 gb-headline-text\"><time class=\"entry-date published\" datetime=\"2022-12-14T12:00:10-06:00\">14 diciembre, 2022<\/time><\/p>\n\n<div class=\"gb-headline gb-headline-62e6217c gb-headline-text\">by Rachel Showstack Did you know that your health is influenced by your zip code? Public messaging often presents good health as the result of &#8230; <a title=\"Building Equitable Health Services for Speakers of Mayan Languages: Community Voices in Southeast KS\" class=\"read-more\" href=\"https:\/\/alcesuvoz.wichita.edu\/es\/2022\/12\/14\/building-equitable-health-services-for-speakers-of-mayan-languages-community-voices-in-southeast-ks\/\" aria-label=\"Leer m\u00e1s sobre Building Equitable Health Services for Speakers of Mayan Languages: Community Voices in Southeast KS\">Read more<\/a><\/div>\n<\/div><\/div>\n\n<div class=\"gb-grid-column gb-grid-column-44cecbb2 gb-query-loop-item post-2089 post type-post status-publish format-standard has-post-thumbnail hentry category-blogs\"><div class=\"gb-container gb-container-44cecbb2\">\n<figure class=\"gb-block-image gb-block-image-c435594a\"><a href=\"https:\/\/alcesuvoz.wichita.edu\/es\/2022\/11\/20\/community-engagement-for-vaccine-equity\/\"><img loading=\"lazy\" decoding=\"async\" width=\"777\" height=\"820\" src=\"https:\/\/alcesuvoz.wichita.edu\/wp-content\/uploads\/2025\/04\/1dafc9_f57a85f3ce9240ebb3c75ea9717b98f1mv2.jpg\" class=\"gb-image-c435594a\" alt=\"\" srcset=\"https:\/\/alcesuvoz.wichita.edu\/wp-content\/uploads\/2025\/04\/1dafc9_f57a85f3ce9240ebb3c75ea9717b98f1mv2.jpg 777w, https:\/\/alcesuvoz.wichita.edu\/wp-content\/uploads\/2025\/04\/1dafc9_f57a85f3ce9240ebb3c75ea9717b98f1mv2-284x300.jpg 284w, https:\/\/alcesuvoz.wichita.edu\/wp-content\/uploads\/2025\/04\/1dafc9_f57a85f3ce9240ebb3c75ea9717b98f1mv2-768x811.jpg 768w, https:\/\/alcesuvoz.wichita.edu\/wp-content\/uploads\/2025\/04\/1dafc9_f57a85f3ce9240ebb3c75ea9717b98f1mv2-11x12.jpg 11w\" sizes=\"auto, (max-width: 777px) 100vw, 777px\" \/><\/a><\/figure>\n\n<h2 class=\"gb-headline gb-headline-26d148b1 profile-title gb-headline-text\"><a href=\"https:\/\/alcesuvoz.wichita.edu\/es\/2022\/11\/20\/community-engagement-for-vaccine-equity\/\">Community Engagement for Vaccine Equity<\/a><\/h2>\n\n<p class=\"gb-headline gb-headline-b0a9a702 gb-headline-text\"><time class=\"entry-date published\" datetime=\"2022-11-20T12:00:06-06:00\">20 noviembre, 2022<\/time><\/p>\n\n<div class=\"gb-headline gb-headline-62e6217c gb-headline-text\">Alce su Voz (\u2018Speak out\u2019) has been getting to know Guatemalan indigenous individuals who live in southwest and southeast Kansas and learning about the multiple &#8230; <a title=\"Community Engagement for Vaccine Equity\" class=\"read-more\" href=\"https:\/\/alcesuvoz.wichita.edu\/es\/2022\/11\/20\/community-engagement-for-vaccine-equity\/\" aria-label=\"Leer m\u00e1s sobre Community Engagement for Vaccine Equity\">Read more<\/a><\/div>\n<\/div><\/div>\n\n<div class=\"gb-grid-column gb-grid-column-44cecbb2 gb-query-loop-item post-2094 post type-post status-publish format-standard has-post-thumbnail hentry category-blogs\"><div class=\"gb-container gb-container-44cecbb2\">\n<figure class=\"gb-block-image gb-block-image-c435594a\"><a href=\"https:\/\/alcesuvoz.wichita.edu\/es\/2022\/10\/12\/from-testimonios-to-dialogue-conversations-about-funding-for-medical-interpretation\/\"><img loading=\"lazy\" decoding=\"async\" width=\"1820\" height=\"757\" src=\"https:\/\/alcesuvoz.wichita.edu\/wp-content\/uploads\/2022\/10\/Logo-1.png\" class=\"gb-image-c435594a\" alt=\"\" srcset=\"https:\/\/alcesuvoz.wichita.edu\/wp-content\/uploads\/2022\/10\/Logo-1.png 1820w, https:\/\/alcesuvoz.wichita.edu\/wp-content\/uploads\/2022\/10\/Logo-1-300x125.png 300w, https:\/\/alcesuvoz.wichita.edu\/wp-content\/uploads\/2022\/10\/Logo-1-1024x426.png 1024w, https:\/\/alcesuvoz.wichita.edu\/wp-content\/uploads\/2022\/10\/Logo-1-768x319.png 768w, https:\/\/alcesuvoz.wichita.edu\/wp-content\/uploads\/2022\/10\/Logo-1-1536x639.png 1536w, https:\/\/alcesuvoz.wichita.edu\/wp-content\/uploads\/2022\/10\/Logo-1-18x7.png 18w\" sizes=\"auto, (max-width: 1820px) 100vw, 1820px\" \/><\/a><\/figure>\n\n<h2 class=\"gb-headline gb-headline-26d148b1 profile-title gb-headline-text\"><a href=\"https:\/\/alcesuvoz.wichita.edu\/es\/2022\/10\/12\/from-testimonios-to-dialogue-conversations-about-funding-for-medical-interpretation\/\">From testimonios to dialogue: Conversations about funding for medical interpretation<\/a><\/h2>\n\n<p class=\"gb-headline gb-headline-b0a9a702 gb-headline-text\"><time class=\"entry-date published\" datetime=\"2022-10-12T12:00:08-05:00\">12 octubre, 2022<\/time><\/p>\n\n<div class=\"gb-headline gb-headline-62e6217c gb-headline-text\">By Rachel Showstack In the Alce su Voz (\u2018Speak out\u2019)&nbsp;community, we talk a lot about the importance of sharing our testimonios, the stories that we &#8230; <a title=\"From testimonios to dialogue: Conversations about funding for medical interpretation\" class=\"read-more\" href=\"https:\/\/alcesuvoz.wichita.edu\/es\/2022\/10\/12\/from-testimonios-to-dialogue-conversations-about-funding-for-medical-interpretation\/\" aria-label=\"Leer m\u00e1s sobre From testimonios to dialogue: Conversations about funding for medical interpretation\">Read more<\/a><\/div>\n<\/div><\/div>\n\n<div class=\"gb-grid-column gb-grid-column-44cecbb2 gb-query-loop-item post-2096 post type-post status-publish format-standard has-post-thumbnail hentry category-blogs\"><div class=\"gb-container gb-container-44cecbb2\">\n<figure class=\"gb-block-image gb-block-image-c435594a\"><a href=\"https:\/\/alcesuvoz.wichita.edu\/es\/2022\/10\/05\/las-elecciones-generales-de-2022-y-la-importancia-de-votar\/\"><img loading=\"lazy\" decoding=\"async\" width=\"1820\" height=\"757\" src=\"https:\/\/alcesuvoz.wichita.edu\/wp-content\/uploads\/2022\/10\/Logo-2white.png\" class=\"gb-image-c435594a\" alt=\"\" srcset=\"https:\/\/alcesuvoz.wichita.edu\/wp-content\/uploads\/2022\/10\/Logo-2white.png 1820w, https:\/\/alcesuvoz.wichita.edu\/wp-content\/uploads\/2022\/10\/Logo-2white-300x125.png 300w, https:\/\/alcesuvoz.wichita.edu\/wp-content\/uploads\/2022\/10\/Logo-2white-1024x426.png 1024w, https:\/\/alcesuvoz.wichita.edu\/wp-content\/uploads\/2022\/10\/Logo-2white-768x319.png 768w, https:\/\/alcesuvoz.wichita.edu\/wp-content\/uploads\/2022\/10\/Logo-2white-1536x639.png 1536w, https:\/\/alcesuvoz.wichita.edu\/wp-content\/uploads\/2022\/10\/Logo-2white-18x7.png 18w\" sizes=\"auto, (max-width: 1820px) 100vw, 1820px\" \/><\/a><\/figure>\n\n<h2 class=\"gb-headline gb-headline-26d148b1 profile-title gb-headline-text\"><a href=\"https:\/\/alcesuvoz.wichita.edu\/es\/2022\/10\/05\/las-elecciones-generales-de-2022-y-la-importancia-de-votar\/\">Las elecciones generales de 2022 y la importancia de votar<\/a><\/h2>\n\n<p class=\"gb-headline gb-headline-b0a9a702 gb-headline-text\"><time class=\"entry-date published\" datetime=\"2022-10-05T12:00:50-05:00\">5 octubre, 2022<\/time><\/p>\n\n<div class=\"gb-headline gb-headline-62e6217c gb-headline-text\">por Alondra Aguilera \u00a1Hola! Soy Alondra Aguilera y soy estudiante de tercer a\u00f1o de educaci\u00f3n en espa\u00f1ol en la Universidad Estatal de Wichita. Ademas de &#8230; <a title=\"Las elecciones generales de 2022 y la importancia de votar\" class=\"read-more\" href=\"https:\/\/alcesuvoz.wichita.edu\/es\/2022\/10\/05\/las-elecciones-generales-de-2022-y-la-importancia-de-votar\/\" aria-label=\"Leer m\u00e1s sobre Las elecciones generales de 2022 y la importancia de votar\">Read more<\/a><\/div>\n<\/div><\/div>\n\n<div class=\"gb-grid-column gb-grid-column-44cecbb2 gb-query-loop-item post-2069 post type-post status-publish format-standard has-post-thumbnail hentry category-blogs\"><div class=\"gb-container gb-container-44cecbb2\">\n<figure class=\"gb-block-image gb-block-image-c435594a\"><a href=\"https:\/\/alcesuvoz.wichita.edu\/es\/2022\/09\/12\/you-can-help-us-fulfill-our-mission\/\"><img loading=\"lazy\" decoding=\"async\" width=\"777\" height=\"772\" src=\"https:\/\/alcesuvoz.wichita.edu\/wp-content\/uploads\/2025\/04\/1dafc9_49ff246747804710948257fa50b69a54mv2.jpeg\" class=\"gb-image-c435594a\" alt=\"\" srcset=\"https:\/\/alcesuvoz.wichita.edu\/wp-content\/uploads\/2025\/04\/1dafc9_49ff246747804710948257fa50b69a54mv2.jpeg 777w, https:\/\/alcesuvoz.wichita.edu\/wp-content\/uploads\/2025\/04\/1dafc9_49ff246747804710948257fa50b69a54mv2-300x298.jpeg 300w, https:\/\/alcesuvoz.wichita.edu\/wp-content\/uploads\/2025\/04\/1dafc9_49ff246747804710948257fa50b69a54mv2-150x150.jpeg 150w, https:\/\/alcesuvoz.wichita.edu\/wp-content\/uploads\/2025\/04\/1dafc9_49ff246747804710948257fa50b69a54mv2-768x763.jpeg 768w, https:\/\/alcesuvoz.wichita.edu\/wp-content\/uploads\/2025\/04\/1dafc9_49ff246747804710948257fa50b69a54mv2-12x12.jpeg 12w\" sizes=\"auto, (max-width: 777px) 100vw, 777px\" \/><\/a><\/figure>\n\n<h2 class=\"gb-headline gb-headline-26d148b1 profile-title gb-headline-text\"><a href=\"https:\/\/alcesuvoz.wichita.edu\/es\/2022\/09\/12\/you-can-help-us-fulfill-our-mission\/\">\u00a1Usted nos puede ayudar a alcanzar nuestra misi\u00f3n!<\/a><\/h2>\n\n<p class=\"gb-headline gb-headline-b0a9a702 gb-headline-text\"><time class=\"entry-date published\" datetime=\"2022-09-12T12:00:57-05:00\">12 septiembre, 2022<\/time><\/p>\n\n<div class=\"gb-headline gb-headline-62e6217c gb-headline-text\">Last month, I posted a video of my former graduate student Iv\u00e1n Garc\u00eda-Mijares sharing a story about a time he had to interpret very serious &#8230; <a title=\"\u00a1Usted nos puede ayudar a alcanzar nuestra misi\u00f3n!\" class=\"read-more\" href=\"https:\/\/alcesuvoz.wichita.edu\/es\/2022\/09\/12\/you-can-help-us-fulfill-our-mission\/\" aria-label=\"Leer m\u00e1s sobre You can help us fulfill our mission!\">Read more<\/a><\/div>\n<\/div><\/div>\n\n<div class=\"gb-grid-column gb-grid-column-44cecbb2 gb-query-loop-item post-2060 post type-post status-publish format-standard has-post-thumbnail hentry category-blogs\"><div class=\"gb-container gb-container-44cecbb2\">\n<figure class=\"gb-block-image gb-block-image-c435594a\"><a href=\"https:\/\/alcesuvoz.wichita.edu\/es\/2022\/09\/03\/we-got-funding-for-two-projects\/\"><img loading=\"lazy\" decoding=\"async\" width=\"750\" height=\"534\" src=\"https:\/\/alcesuvoz.wichita.edu\/wp-content\/uploads\/2022\/09\/1dafc9_58cc91b5bccf409382d13092d7c32656mv2.png\" class=\"gb-image-c435594a\" alt=\"\" srcset=\"https:\/\/alcesuvoz.wichita.edu\/wp-content\/uploads\/2022\/09\/1dafc9_58cc91b5bccf409382d13092d7c32656mv2.png 750w, https:\/\/alcesuvoz.wichita.edu\/wp-content\/uploads\/2022\/09\/1dafc9_58cc91b5bccf409382d13092d7c32656mv2-300x214.png 300w, https:\/\/alcesuvoz.wichita.edu\/wp-content\/uploads\/2022\/09\/1dafc9_58cc91b5bccf409382d13092d7c32656mv2-18x12.png 18w\" sizes=\"auto, (max-width: 750px) 100vw, 750px\" \/><\/a><\/figure>\n\n<h2 class=\"gb-headline gb-headline-26d148b1 profile-title gb-headline-text\"><a href=\"https:\/\/alcesuvoz.wichita.edu\/es\/2022\/09\/03\/we-got-funding-for-two-projects\/\">We got funding for two projects!<\/a><\/h2>\n\n<p class=\"gb-headline gb-headline-b0a9a702 gb-headline-text\"><time class=\"entry-date published\" datetime=\"2022-09-03T12:00:52-05:00\">3 septiembre, 2022<\/time><\/p>\n\n<div class=\"gb-headline gb-headline-62e6217c gb-headline-text\">by Rachel Showstack The Alce su Voz team is excited to announce two grants to support our projects! In this post, we present the purpose &#8230; <a title=\"We got funding for two projects!\" class=\"read-more\" href=\"https:\/\/alcesuvoz.wichita.edu\/es\/2022\/09\/03\/we-got-funding-for-two-projects\/\" aria-label=\"Leer m\u00e1s sobre We got funding for two projects!\">Read more<\/a><\/div>\n<\/div><\/div>\n\n<div class=\"gb-grid-column gb-grid-column-44cecbb2 gb-query-loop-item post-2064 post type-post status-publish format-standard has-post-thumbnail hentry category-blogs\"><div class=\"gb-container gb-container-44cecbb2\">\n<figure class=\"gb-block-image gb-block-image-c435594a\"><a href=\"https:\/\/alcesuvoz.wichita.edu\/es\/2022\/08\/28\/what-is-alce-su-voz-and-what-do-we-do\/\"><img loading=\"lazy\" decoding=\"async\" width=\"777\" height=\"518\" src=\"https:\/\/alcesuvoz.wichita.edu\/wp-content\/uploads\/2025\/04\/1dafc9_390ae7fcfb354d26844f3326ce158913mv2.jpg\" class=\"gb-image-c435594a\" alt=\"\" srcset=\"https:\/\/alcesuvoz.wichita.edu\/wp-content\/uploads\/2025\/04\/1dafc9_390ae7fcfb354d26844f3326ce158913mv2.jpg 777w, https:\/\/alcesuvoz.wichita.edu\/wp-content\/uploads\/2025\/04\/1dafc9_390ae7fcfb354d26844f3326ce158913mv2-300x200.jpg 300w, https:\/\/alcesuvoz.wichita.edu\/wp-content\/uploads\/2025\/04\/1dafc9_390ae7fcfb354d26844f3326ce158913mv2-768x512.jpg 768w, https:\/\/alcesuvoz.wichita.edu\/wp-content\/uploads\/2025\/04\/1dafc9_390ae7fcfb354d26844f3326ce158913mv2-18x12.jpg 18w\" sizes=\"auto, (max-width: 777px) 100vw, 777px\" \/><\/a><\/figure>\n\n<h2 class=\"gb-headline gb-headline-26d148b1 profile-title gb-headline-text\"><a href=\"https:\/\/alcesuvoz.wichita.edu\/es\/2022\/08\/28\/what-is-alce-su-voz-and-what-do-we-do\/\">\u00bfQu\u00e9 es Alce su Voz, y qu\u00e9 hacemos?<\/a><\/h2>\n\n<p class=\"gb-headline gb-headline-b0a9a702 gb-headline-text\"><time class=\"entry-date published\" datetime=\"2022-08-28T12:00:43-05:00\">28 agosto, 2022<\/time><\/p>\n\n<div class=\"gb-headline gb-headline-62e6217c gb-headline-text\">By Rachel Showstack Maybe you\u2019ve seen our name, Alce su Voz, and some of our posts, and you want to know more about what we &#8230; <a title=\"\u00bfQu\u00e9 es Alce su Voz, y qu\u00e9 hacemos?\" class=\"read-more\" href=\"https:\/\/alcesuvoz.wichita.edu\/es\/2022\/08\/28\/what-is-alce-su-voz-and-what-do-we-do\/\" aria-label=\"Leer m\u00e1s sobre What is Alce su Voz and what do we do?\">Read more<\/a><\/div>\n<\/div><\/div>\n\n<div class=\"gb-grid-column gb-grid-column-44cecbb2 gb-query-loop-item post-2062 post type-post status-publish format-standard has-post-thumbnail hentry category-blogs\"><div class=\"gb-container gb-container-44cecbb2\">\n<figure class=\"gb-block-image gb-block-image-c435594a\"><a href=\"https:\/\/alcesuvoz.wichita.edu\/es\/2022\/08\/04\/four-successful-workshops\/\"><img loading=\"lazy\" decoding=\"async\" width=\"777\" height=\"518\" src=\"https:\/\/alcesuvoz.wichita.edu\/wp-content\/uploads\/2022\/08\/1dafc9_dce2e5a19ea84741b9b4794e82357b68mv2.jpg\" class=\"gb-image-c435594a\" alt=\"\" srcset=\"https:\/\/alcesuvoz.wichita.edu\/wp-content\/uploads\/2022\/08\/1dafc9_dce2e5a19ea84741b9b4794e82357b68mv2.jpg 777w, https:\/\/alcesuvoz.wichita.edu\/wp-content\/uploads\/2022\/08\/1dafc9_dce2e5a19ea84741b9b4794e82357b68mv2-300x200.jpg 300w, https:\/\/alcesuvoz.wichita.edu\/wp-content\/uploads\/2022\/08\/1dafc9_dce2e5a19ea84741b9b4794e82357b68mv2-768x512.jpg 768w, https:\/\/alcesuvoz.wichita.edu\/wp-content\/uploads\/2022\/08\/1dafc9_dce2e5a19ea84741b9b4794e82357b68mv2-18x12.jpg 18w\" sizes=\"auto, (max-width: 777px) 100vw, 777px\" \/><\/a><\/figure>\n\n<h2 class=\"gb-headline gb-headline-26d148b1 profile-title gb-headline-text\"><a href=\"https:\/\/alcesuvoz.wichita.edu\/es\/2022\/08\/04\/four-successful-workshops\/\">Four Successful Workshops<\/a><\/h2>\n\n<p class=\"gb-headline gb-headline-b0a9a702 gb-headline-text\"><time class=\"entry-date published\" datetime=\"2022-08-04T00:00:37-05:00\">4 agosto, 2022<\/time><\/p>\n\n<div class=\"gb-headline gb-headline-62e6217c gb-headline-text\">by Rachel Showstack Alce su Voz\u2019s inaugural workshop series was a great success! We offered a series of educational workshops for Wichita\u2019s Spanish-speaking community, with &#8230; <a title=\"Four Successful Workshops\" class=\"read-more\" href=\"https:\/\/alcesuvoz.wichita.edu\/es\/2022\/08\/04\/four-successful-workshops\/\" aria-label=\"Leer m\u00e1s sobre Four Successful Workshops\">Read more<\/a><\/div>\n<\/div><\/div>\n<\/div>","protected":false},"excerpt":{"rendered":"","protected":false},"author":6,"featured_media":0,"parent":0,"menu_order":0,"comment_status":"closed","ping_status":"closed","template":"","meta":{"_EventAllDay":false,"_EventTimezone":"","_EventStartDate":"","_EventEndDate":"","_EventStartDateUTC":"","_EventEndDateUTC":"","_EventShowMap":false,"_EventShowMapLink":false,"_EventURL":"","_EventCost":"","_EventCostDescription":"","_EventCurrencySymbol":"","_EventCurrencyCode":"","_EventCurrencyPosition":"","_EventDateTimeSeparator":"","_EventTimeRangeSeparator":"","_EventOrganizerID":[],"_EventVenueID":[],"_OrganizerEmail":"","_OrganizerPhone":"","_OrganizerWebsite":"","_VenueAddress":"","_VenueCity":"","_VenueCountry":"","_VenueProvince":"","_VenueState":"","_VenueZip":"","_VenuePhone":"","_VenueURL":"","_VenueStateProvince":"","_VenueLat":"","_VenueLng":"","_VenueShowMap":false,"_VenueShowMapLink":false,"footnotes":""},"class_list":["post-936","page","type-page","status-publish","infinite-scroll-item"],"_links":{"self":[{"href":"https:\/\/alcesuvoz.wichita.edu\/es\/wp-json\/wp\/v2\/pages\/936","targetHints":{"allow":["GET"]}}],"collection":[{"href":"https:\/\/alcesuvoz.wichita.edu\/es\/wp-json\/wp\/v2\/pages"}],"about":[{"href":"https:\/\/alcesuvoz.wichita.edu\/es\/wp-json\/wp\/v2\/types\/page"}],"author":[{"embeddable":true,"href":"https:\/\/alcesuvoz.wichita.edu\/es\/wp-json\/wp\/v2\/users\/6"}],"replies":[{"embeddable":true,"href":"https:\/\/alcesuvoz.wichita.edu\/es\/wp-json\/wp\/v2\/comments?post=936"}],"version-history":[{"count":27,"href":"https:\/\/alcesuvoz.wichita.edu\/es\/wp-json\/wp\/v2\/pages\/936\/revisions"}],"predecessor-version":[{"id":2666,"href":"https:\/\/alcesuvoz.wichita.edu\/es\/wp-json\/wp\/v2\/pages\/936\/revisions\/2666"}],"wp:attachment":[{"href":"https:\/\/alcesuvoz.wichita.edu\/es\/wp-json\/wp\/v2\/media?parent=936"}],"curies":[{"name":"wp","href":"https:\/\/api.w.org\/{rel}","templated":true}]}}