{"id":293,"date":"2024-05-14T15:33:26","date_gmt":"2024-05-14T20:33:26","guid":{"rendered":"https:\/\/alcesuvoz.wichita.edu\/?page_id=293"},"modified":"2026-04-14T11:29:38","modified_gmt":"2026-04-14T16:29:38","slug":"team","status":"publish","type":"page","link":"https:\/\/alcesuvoz.wichita.edu\/es\/team\/","title":{"rendered":"Conozca el equipo"},"content":{"rendered":"<div class=\"wp-block-columns is-layout-flex wp-container-core-columns-is-layout-9d6595d7 wp-block-columns-is-layout-flex\">\n<div class=\"wp-block-column is-vertically-aligned-center is-layout-flow wp-block-column-is-layout-flow\">\n<figure class=\"wp-block-image size-full is-style-default\"><a href=\"\/es\/.\/rachel\/\"><img loading=\"lazy\" decoding=\"async\" width=\"810\" height=\"1080\" src=\"https:\/\/alcesuvoz.wichita.edu\/wp-content\/uploads\/2024\/09\/rachel-showstack1.jpg\" alt=\"\" class=\"wp-image-1153\" style=\"aspect-ratio:3\/4;object-fit:cover\" srcset=\"https:\/\/alcesuvoz.wichita.edu\/wp-content\/uploads\/2024\/09\/rachel-showstack1.jpg 810w, https:\/\/alcesuvoz.wichita.edu\/wp-content\/uploads\/2024\/09\/rachel-showstack1-225x300.jpg 225w, https:\/\/alcesuvoz.wichita.edu\/wp-content\/uploads\/2024\/09\/rachel-showstack1-768x1024.jpg 768w, https:\/\/alcesuvoz.wichita.edu\/wp-content\/uploads\/2024\/09\/rachel-showstack1-9x12.jpg 9w\" sizes=\"auto, (max-width: 810px) 100vw, 810px\" \/><\/a><\/figure>\n\n\n\n<h3 class=\"wp-block-heading profile-title\" style=\"font-size:27px\"><a href=\"\/es\/.\/rachel\/\" data-type=\"page\" data-id=\"947\">Rachel Showstack, Ph.D.<\/a><\/h3>\n\n\n\n<p>Directora fundadora<br>Profesora asociada de espa\u00f1ol<\/p>\n<\/div>\n\n\n\n<div class=\"wp-block-column is-layout-flow wp-block-column-is-layout-flow\">\n<div class=\"wp-block-columns is-layout-flex wp-container-core-columns-is-layout-9d6595d7 wp-block-columns-is-layout-flex\">\n<div class=\"wp-block-column is-layout-flow wp-block-column-is-layout-flow\" style=\"flex-basis:100%\">\n<figure class=\"gb-block-image gb-block-image-d7bb3ff3\"><a href=\"https:\/\/alcesuvoz.wichita.edu\/es\/team\/drew\/\"><img loading=\"lazy\" decoding=\"async\" width=\"200\" height=\"267\" class=\"gb-image gb-image-d7bb3ff3\" src=\"https:\/\/alcesuvoz.wichita.edu\/wp-content\/uploads\/2025\/07\/UT-Headshot-e1752094526810.jpg\" alt=\"\" title=\"UT Headshot\" srcset=\"https:\/\/alcesuvoz.wichita.edu\/wp-content\/uploads\/2025\/07\/UT-Headshot-e1752094526810.jpg 200w, https:\/\/alcesuvoz.wichita.edu\/wp-content\/uploads\/2025\/07\/UT-Headshot-e1752094526810-9x12.jpg 9w\" sizes=\"auto, (max-width: 200px) 100vw, 200px\" \/><\/a><\/figure>\n\n\n\n<h3 class=\"wp-block-heading profile-title\" style=\"font-size:27px\"><a href=\"https:\/\/alcesuvoz.wichita.edu\/es\/team\/drew\/\" data-type=\"page\" data-id=\"2470\">Drew Colcher, Ph.D.<\/a><\/h3>\n\n\n\n<p>Administradora del programa<\/p>\n<\/div>\n<\/div>\n<\/div>\n\n\n\n<div class=\"wp-block-column is-layout-flow wp-block-column-is-layout-flow\">\n<figure class=\"wp-block-image size-large\"><a href=\"\/es\/.\/gabriela\/\"><img loading=\"lazy\" decoding=\"async\" width=\"768\" height=\"1024\" src=\"https:\/\/alcesuvoz.wichita.edu\/wp-content\/uploads\/2024\/09\/gabby1-768x1024.jpg\" alt=\"\" class=\"wp-image-1179\" style=\"aspect-ratio:3\/4;object-fit:cover\" srcset=\"https:\/\/alcesuvoz.wichita.edu\/wp-content\/uploads\/2024\/09\/gabby1-768x1024.jpg 768w, https:\/\/alcesuvoz.wichita.edu\/wp-content\/uploads\/2024\/09\/gabby1-225x300.jpg 225w, https:\/\/alcesuvoz.wichita.edu\/wp-content\/uploads\/2024\/09\/gabby1-9x12.jpg 9w, https:\/\/alcesuvoz.wichita.edu\/wp-content\/uploads\/2024\/09\/gabby1.jpg 810w\" sizes=\"auto, (max-width: 768px) 100vw, 768px\" \/><\/a><\/figure>\n\n\n\n<h3 class=\"wp-block-heading profile-title\"><a href=\"https:\/\/alcesuvoz.wichita.edu\/es\/team\/gabriela\/\" data-type=\"page\" data-id=\"1252\">Gabriela Aguilar<\/a><\/h3>\n\n\n\n<p>Asistente de investigaci\u00f3n de posgrado<\/p>\n<\/div>\n<\/div>\n\n\n\n<div class=\"wp-block-columns is-layout-flex wp-container-core-columns-is-layout-9d6595d7 wp-block-columns-is-layout-flex\">\n<div class=\"wp-block-column is-layout-flow wp-block-column-is-layout-flow\">\n<figure class=\"wp-block-image size-large\"><a href=\"\/es\/.\/denise\/\"><img loading=\"lazy\" decoding=\"async\" width=\"768\" height=\"1024\" src=\"https:\/\/alcesuvoz.wichita.edu\/wp-content\/uploads\/2024\/09\/denise1-768x1024.jpg\" alt=\"\" class=\"wp-image-1178\" style=\"aspect-ratio:3\/4;object-fit:cover\" srcset=\"https:\/\/alcesuvoz.wichita.edu\/wp-content\/uploads\/2024\/09\/denise1-768x1024.jpg 768w, https:\/\/alcesuvoz.wichita.edu\/wp-content\/uploads\/2024\/09\/denise1-225x300.jpg 225w, https:\/\/alcesuvoz.wichita.edu\/wp-content\/uploads\/2024\/09\/denise1-9x12.jpg 9w, https:\/\/alcesuvoz.wichita.edu\/wp-content\/uploads\/2024\/09\/denise1.jpg 810w\" sizes=\"auto, (max-width: 768px) 100vw, 768px\" \/><\/a><\/figure>\n\n\n\n<h3 class=\"wp-block-heading profile-title\"><a href=\"\/es\/.\/denise\/\">Denise Romero<\/a><\/h3>\n\n\n\n<p>Directora de Participaci\u00f3n y Educaci\u00f3n Comunitaria<\/p>\n<\/div>\n\n\n\n<div class=\"wp-block-column is-layout-flow wp-block-column-is-layout-flow\">\n<figure class=\"wp-block-image size-large\"><a href=\"\/es\/.\/rommy\/\"><img loading=\"lazy\" decoding=\"async\" width=\"768\" height=\"1024\" src=\"https:\/\/alcesuvoz.wichita.edu\/wp-content\/uploads\/2024\/09\/rommy1-768x1024.jpg\" alt=\"\" class=\"wp-image-1177\" style=\"aspect-ratio:3\/4;object-fit:cover\" srcset=\"https:\/\/alcesuvoz.wichita.edu\/wp-content\/uploads\/2024\/09\/rommy1-768x1024.jpg 768w, https:\/\/alcesuvoz.wichita.edu\/wp-content\/uploads\/2024\/09\/rommy1-225x300.jpg 225w, https:\/\/alcesuvoz.wichita.edu\/wp-content\/uploads\/2024\/09\/rommy1-9x12.jpg 9w, https:\/\/alcesuvoz.wichita.edu\/wp-content\/uploads\/2024\/09\/rommy1.jpg 810w\" sizes=\"auto, (max-width: 768px) 100vw, 768px\" \/><\/a><\/figure>\n\n\n\n<h3 class=\"wp-block-heading profile-title\"><a href=\"\/es\/.\/rommy\/\">Rommy Vargas, M.A.<\/a><\/h3>\n\n\n\n<p>Directora de Participaci\u00f3n y Educaci\u00f3n de Int\u00e9rpretes<\/p>\n<\/div>\n\n\n\n<div class=\"wp-block-column is-layout-flow wp-block-column-is-layout-flow\">\n<figure class=\"wp-block-image size-large is-resized\"><a href=\"\/es\/.\/margarita\/\"><img loading=\"lazy\" decoding=\"async\" width=\"768\" height=\"1024\" src=\"https:\/\/alcesuvoz.wichita.edu\/wp-content\/uploads\/2024\/09\/marg-768x1024.jpg\" alt=\"\" class=\"wp-image-1216\" style=\"object-fit:cover;width:376px;height:auto\" srcset=\"https:\/\/alcesuvoz.wichita.edu\/wp-content\/uploads\/2024\/09\/marg-768x1024.jpg 768w, https:\/\/alcesuvoz.wichita.edu\/wp-content\/uploads\/2024\/09\/marg-225x300.jpg 225w, https:\/\/alcesuvoz.wichita.edu\/wp-content\/uploads\/2024\/09\/marg-9x12.jpg 9w, https:\/\/alcesuvoz.wichita.edu\/wp-content\/uploads\/2024\/09\/marg.jpg 810w\" sizes=\"auto, (max-width: 768px) 100vw, 768px\" \/><\/a><\/figure>\n\n\n\n<h3 class=\"wp-block-heading profile-title\"><a href=\"https:\/\/alcesuvoz.wichita.edu\/es\/?page_id=1257\" data-type=\"page\" data-id=\"1257\">Margarita Francisco<\/a><\/h3>\n\n\n\n<p>Enlace con la comunidad<\/p>\n<\/div>\n<\/div>\n\n\n\n<div class=\"wp-block-columns is-layout-flex wp-container-core-columns-is-layout-9d6595d7 wp-block-columns-is-layout-flex\">\n<div class=\"wp-block-column is-layout-flow wp-block-column-is-layout-flow\"><\/div>\n<\/div>\n\n\n<div class=\"gb-container gb-container-fd754ddd\">\n\n<h2 class=\"wp-block-heading\">Affiliated Faculty<\/h2>\n\n<\/div>\n\n\n<div class=\"wp-block-columns is-layout-flex wp-container-core-columns-is-layout-9d6595d7 wp-block-columns-is-layout-flex\">\n<div class=\"wp-block-column is-layout-flow wp-block-column-is-layout-flow\">\n<figure class=\"wp-block-image size-large\"><img loading=\"lazy\" decoding=\"async\" width=\"1894\" height=\"2526\" src=\"https:\/\/alcesuvoz.wichita.edu\/wp-content\/uploads\/2026\/04\/Ed-Bart-Headshot-edited.png\" alt=\"\" class=\"wp-image-2722\" style=\"aspect-ratio:3\/4;object-fit:cover\" srcset=\"https:\/\/alcesuvoz.wichita.edu\/wp-content\/uploads\/2026\/04\/Ed-Bart-Headshot-edited.png 1894w, https:\/\/alcesuvoz.wichita.edu\/wp-content\/uploads\/2026\/04\/Ed-Bart-Headshot-edited-225x300.png 225w, https:\/\/alcesuvoz.wichita.edu\/wp-content\/uploads\/2026\/04\/Ed-Bart-Headshot-edited-768x1024.png 768w, https:\/\/alcesuvoz.wichita.edu\/wp-content\/uploads\/2026\/04\/Ed-Bart-Headshot-edited-1152x1536.png 1152w, https:\/\/alcesuvoz.wichita.edu\/wp-content\/uploads\/2026\/04\/Ed-Bart-Headshot-edited-1536x2048.png 1536w, https:\/\/alcesuvoz.wichita.edu\/wp-content\/uploads\/2026\/04\/Ed-Bart-Headshot-edited-9x12.png 9w\" sizes=\"auto, (max-width: 1894px) 100vw, 1894px\" \/><\/figure>\n\n\n\n<h2 class=\"wp-block-heading has-black-color has-text-color has-link-color wp-elements-61bce55f515d09c6365fe8dd4b89a3ec\" style=\"font-size:27px\"><a href=\"https:\/\/www.wichita.edu\/profiles\/academics\/fairmount_college_of_liberal_arts_and_sciences\/Modern_and_Classical_Languages_and_Literatures\/02-American-Sign-Language\/Bart-Edward.php\">Edward Bart, EdD<\/a><\/h2>\n\n\n\n<p>American Sign Language Division Director<br>Assistant Professor of American Sign Language<\/p>\n<\/div>\n\n\n\n<div class=\"wp-block-column is-layout-flow wp-block-column-is-layout-flow\">\n<figure class=\"wp-block-image size-full\"><a href=\"https:\/\/www.wichita.edu\/profiles\/academics\/fairmount_college_of_liberal_arts_and_sciences\/Modern_and_Classical_Languages_and_Literatures\/10-Spanish-Faculty\/Henderson-Julie.php\" target=\"_blank\" rel=\"noreferrer noopener\"><img loading=\"lazy\" decoding=\"async\" width=\"864\" height=\"1080\" src=\"https:\/\/alcesuvoz.wichita.edu\/wp-content\/uploads\/2024\/09\/Julie_Henderson-scaled-1.jpg\" alt=\"\" class=\"wp-image-1190\" style=\"aspect-ratio:3\/4;object-fit:cover\" srcset=\"https:\/\/alcesuvoz.wichita.edu\/wp-content\/uploads\/2024\/09\/Julie_Henderson-scaled-1.jpg 864w, https:\/\/alcesuvoz.wichita.edu\/wp-content\/uploads\/2024\/09\/Julie_Henderson-scaled-1-240x300.jpg 240w, https:\/\/alcesuvoz.wichita.edu\/wp-content\/uploads\/2024\/09\/Julie_Henderson-scaled-1-819x1024.jpg 819w, https:\/\/alcesuvoz.wichita.edu\/wp-content\/uploads\/2024\/09\/Julie_Henderson-scaled-1-768x960.jpg 768w, https:\/\/alcesuvoz.wichita.edu\/wp-content\/uploads\/2024\/09\/Julie_Henderson-scaled-1-10x12.jpg 10w\" sizes=\"auto, (max-width: 864px) 100vw, 864px\" \/><\/a><\/figure>\n\n\n\n<h3 class=\"wp-block-heading profile-title\" style=\"font-size:27px\"><a href=\"https:\/\/www.wichita.edu\/profiles\/academics\/fairmount_college_of_liberal_arts_and_sciences\/Modern_and_Classical_Languages_and_Literatures\/10-Spanish-Faculty\/Henderson-Julie.php\" target=\"_blank\" rel=\"noreferrer noopener\">Julie Henderson, M.A.<\/a><\/h3>\n\n\n\n<p>Profesora de espa\u00f1ol<\/p>\n<\/div>\n\n\n\n<div class=\"wp-block-column is-layout-flow wp-block-column-is-layout-flow\">\n<figure class=\"wp-block-image size-full\"><a href=\"https:\/\/www.wichita.edu\/profiles\/academics\/health_professions\/public_health_sciences\/01-leadership\/Keene-Woods-Nikki.php\" target=\"_blank\" rel=\"noreferrer noopener\"><img loading=\"lazy\" decoding=\"async\" width=\"749\" height=\"997\" src=\"https:\/\/alcesuvoz.wichita.edu\/wp-content\/uploads\/2024\/09\/nikkiwooods-edited.jpg\" alt=\"\" class=\"wp-image-1202\" style=\"aspect-ratio:3\/4;object-fit:cover\" srcset=\"https:\/\/alcesuvoz.wichita.edu\/wp-content\/uploads\/2024\/09\/nikkiwooods-edited.jpg 749w, https:\/\/alcesuvoz.wichita.edu\/wp-content\/uploads\/2024\/09\/nikkiwooods-edited-225x300.jpg 225w, https:\/\/alcesuvoz.wichita.edu\/wp-content\/uploads\/2024\/09\/nikkiwooods-edited-9x12.jpg 9w\" sizes=\"auto, (max-width: 749px) 100vw, 749px\" \/><\/a><\/figure>\n\n\n\n<h3 class=\"wp-block-heading profile-title\"><a href=\"https:\/\/www.wichita.edu\/profiles\/academics\/health_professions\/public_health_sciences\/01-leadership\/Keene-Woods-Nikki.php\" target=\"_blank\" rel=\"noreferrer noopener\">Nikki Keene Woods, Ph.D.<\/a><\/h3>\n\n\n\n<p>Profesora asociada de <br>Ciencias de Salud P\u00fablica<\/p>\n<\/div>\n<\/div>\n\n\n\n<div class=\"wp-block-columns is-layout-flex wp-container-core-columns-is-layout-9d6595d7 wp-block-columns-is-layout-flex\">\n<div class=\"wp-block-column is-layout-flow wp-block-column-is-layout-flow\">\n<figure class=\"wp-block-image size-full\"><a href=\"https:\/\/www.kumc.edu\/cloo-gross.html\" target=\"_blank\" rel=\"noreferrer noopener\"><img loading=\"lazy\" decoding=\"async\" width=\"600\" height=\"800\" src=\"https:\/\/alcesuvoz.wichita.edu\/wp-content\/uploads\/2024\/09\/C.-Loo-Gross-MD-MPH.jpg\" alt=\"\" class=\"wp-image-1220\" style=\"aspect-ratio:3\/4;object-fit:cover\" srcset=\"https:\/\/alcesuvoz.wichita.edu\/wp-content\/uploads\/2024\/09\/C.-Loo-Gross-MD-MPH.jpg 600w, https:\/\/alcesuvoz.wichita.edu\/wp-content\/uploads\/2024\/09\/C.-Loo-Gross-MD-MPH-225x300.jpg 225w, https:\/\/alcesuvoz.wichita.edu\/wp-content\/uploads\/2024\/09\/C.-Loo-Gross-MD-MPH-9x12.jpg 9w\" sizes=\"auto, (max-width: 600px) 100vw, 600px\" \/><\/a><\/figure>\n\n\n\n<h3 class=\"wp-block-heading profile-title\" style=\"font-size:27px\"><a href=\"https:\/\/www.kumc.edu\/cloo-gross.html\" target=\"_blank\" rel=\"noreferrer noopener\">Colleen Loo-Gross, M.D., MPH<\/a><\/h3>\n\n\n\n<p>Associate Professor<br>KU School of Medicine-Wichita<\/p>\n<\/div>\n\n\n\n<div class=\"wp-block-column is-layout-flow wp-block-column-is-layout-flow\">\n<figure class=\"wp-block-image size-large\"><img loading=\"lazy\" decoding=\"async\" width=\"819\" height=\"1024\" src=\"https:\/\/alcesuvoz.wichita.edu\/wp-content\/uploads\/2026\/04\/Talamantez_Portrait-819x1024.jpg\" alt=\"\" class=\"wp-image-2729\" style=\"aspect-ratio:3\/4;object-fit:cover\" srcset=\"https:\/\/alcesuvoz.wichita.edu\/wp-content\/uploads\/2026\/04\/Talamantez_Portrait-819x1024.jpg 819w, https:\/\/alcesuvoz.wichita.edu\/wp-content\/uploads\/2026\/04\/Talamantez_Portrait-240x300.jpg 240w, https:\/\/alcesuvoz.wichita.edu\/wp-content\/uploads\/2026\/04\/Talamantez_Portrait-768x960.jpg 768w, https:\/\/alcesuvoz.wichita.edu\/wp-content\/uploads\/2026\/04\/Talamantez_Portrait-10x12.jpg 10w, https:\/\/alcesuvoz.wichita.edu\/wp-content\/uploads\/2026\/04\/Talamantez_Portrait.jpg 1122w\" sizes=\"auto, (max-width: 819px) 100vw, 819px\" \/><\/figure>\n\n\n\n<h2 class=\"wp-block-heading has-black-color has-text-color has-link-color wp-elements-1a94e61ae9fbb318c2b5b5b33ed46614\" style=\"font-size:27px;text-decoration:none\"><a href=\"https:\/\/alcesuvoz.wichita.edu\/es\/team\/lesslie\/\" data-type=\"page\" data-id=\"2724\"><span style=\"text-decoration: underline;\">Lesslie Talamantez, M.A.<\/span><\/a><\/h2>\n\n\n\n<p>Lecturer of American Sign Language<\/p>\n<\/div>\n\n\n\n<div class=\"wp-block-column is-layout-flow wp-block-column-is-layout-flow\"><\/div>\n<\/div>\n\n\n\n<div class=\"wp-block-columns is-layout-flex wp-container-core-columns-is-layout-9d6595d7 wp-block-columns-is-layout-flex\">\n<div class=\"wp-block-column is-vertically-aligned-top is-layout-flow wp-block-column-is-layout-flow\" style=\"flex-basis:33.34%\">\n<div class=\"wp-block-columns is-layout-flex wp-container-core-columns-is-layout-9d6595d7 wp-block-columns-is-layout-flex\">\n<div class=\"wp-block-column is-layout-flow wp-block-column-is-layout-flow\" style=\"flex-basis:100%\">\n<h2 class=\"wp-block-heading\">Volunteers<\/h2>\n\n\n\n<div class=\"wp-block-columns is-layout-flex wp-container-core-columns-is-layout-9d6595d7 wp-block-columns-is-layout-flex\">\n<div class=\"wp-block-column is-layout-flow wp-block-column-is-layout-flow\" style=\"flex-basis:100%\">\n<figure class=\"wp-block-image size-full is-resized\"><a href=\"\/es\/.\/savannah\/\"><img loading=\"lazy\" decoding=\"async\" width=\"810\" height=\"1080\" src=\"https:\/\/alcesuvoz.wichita.edu\/wp-content\/uploads\/2024\/09\/savannah1.jpg\" alt=\"\" class=\"wp-image-1187\" style=\"aspect-ratio:3\/4;object-fit:cover;width:367px;height:auto\" srcset=\"https:\/\/alcesuvoz.wichita.edu\/wp-content\/uploads\/2024\/09\/savannah1.jpg 810w, https:\/\/alcesuvoz.wichita.edu\/wp-content\/uploads\/2024\/09\/savannah1-225x300.jpg 225w, https:\/\/alcesuvoz.wichita.edu\/wp-content\/uploads\/2024\/09\/savannah1-768x1024.jpg 768w, https:\/\/alcesuvoz.wichita.edu\/wp-content\/uploads\/2024\/09\/savannah1-9x12.jpg 9w\" sizes=\"auto, (max-width: 810px) 100vw, 810px\" \/><\/a><\/figure>\n\n\n\n<h3 class=\"wp-block-heading profile-title\"><a href=\"\/es\/.\/savannah\/\">Savannah Paschal<\/a><\/h3>\n\n\n\n<p>Volunteer<\/p>\n<\/div>\n<\/div>\n<\/div>\n<\/div>\n<\/div>\n\n\n\n<div class=\"wp-block-column is-layout-flow wp-block-column-is-layout-flow\" style=\"flex-basis:33.34%\"><\/div>\n\n\n\n<div class=\"wp-block-column is-layout-flow wp-block-column-is-layout-flow\" style=\"flex-basis:33.33%\"><\/div>\n<\/div>\n\n\n\n<p class=\"has-text-align-center\">Headshots by Aileen Rueda-DaCosta |&nbsp;<a href=\"http:\/\/thenaceraproject.com\/\" target=\"_blank\" rel=\"noreferrer noopener\">The Nacer\u00e1 Project<\/a><\/p>\n\n\n\n<p><\/p>","protected":false},"excerpt":{"rendered":"<p>Rachel Showstack, Ph.D. Founding DirectorAssociate Professor of Spanish Drew Colcher, Ph.D. Program Manager Gabriela Aguilar Graduate Research Assistant Denise Romero Director of Community Engagement and &#8230; <a title=\"Conozca el equipo\" class=\"read-more\" href=\"https:\/\/alcesuvoz.wichita.edu\/es\/team\/\" aria-label=\"Leer m\u00e1s sobre Meet the Team\">Read more<\/a><\/p>","protected":false},"author":6,"featured_media":0,"parent":0,"menu_order":0,"comment_status":"closed","ping_status":"closed","template":"","meta":{"_EventAllDay":false,"_EventTimezone":"","_EventStartDate":"","_EventEndDate":"","_EventStartDateUTC":"","_EventEndDateUTC":"","_EventShowMap":false,"_EventShowMapLink":false,"_EventURL":"","_EventCost":"","_EventCostDescription":"","_EventCurrencySymbol":"","_EventCurrencyCode":"","_EventCurrencyPosition":"","_EventDateTimeSeparator":"","_EventTimeRangeSeparator":"","_EventOrganizerID":[],"_EventVenueID":[],"_OrganizerEmail":"","_OrganizerPhone":"","_OrganizerWebsite":"","_VenueAddress":"","_VenueCity":"","_VenueCountry":"","_VenueProvince":"","_VenueState":"","_VenueZip":"","_VenuePhone":"","_VenueURL":"","_VenueStateProvince":"","_VenueLat":"","_VenueLng":"","_VenueShowMap":false,"_VenueShowMapLink":false,"footnotes":""},"class_list":["post-293","page","type-page","status-publish","infinite-scroll-item"],"_links":{"self":[{"href":"https:\/\/alcesuvoz.wichita.edu\/es\/wp-json\/wp\/v2\/pages\/293","targetHints":{"allow":["GET"]}}],"collection":[{"href":"https:\/\/alcesuvoz.wichita.edu\/es\/wp-json\/wp\/v2\/pages"}],"about":[{"href":"https:\/\/alcesuvoz.wichita.edu\/es\/wp-json\/wp\/v2\/types\/page"}],"author":[{"embeddable":true,"href":"https:\/\/alcesuvoz.wichita.edu\/es\/wp-json\/wp\/v2\/users\/6"}],"replies":[{"embeddable":true,"href":"https:\/\/alcesuvoz.wichita.edu\/es\/wp-json\/wp\/v2\/comments?post=293"}],"version-history":[{"count":78,"href":"https:\/\/alcesuvoz.wichita.edu\/es\/wp-json\/wp\/v2\/pages\/293\/revisions"}],"predecessor-version":[{"id":2748,"href":"https:\/\/alcesuvoz.wichita.edu\/es\/wp-json\/wp\/v2\/pages\/293\/revisions\/2748"}],"wp:attachment":[{"href":"https:\/\/alcesuvoz.wichita.edu\/es\/wp-json\/wp\/v2\/media?parent=293"}],"curies":[{"name":"wp","href":"https:\/\/api.w.org\/{rel}","templated":true}]}}